{"version":"1.0","provider_name":"Society for Economic and Social Promotion and Development of La Palma - SODEPAL","provider_url":"https:\/\/sodepal.es\/en","title":"C.V. El Tendal","type":"rich","width":600,"height":338,"html":"<blockquote class=\"wp-embedded-content\" data-secret=\"yS2lQqm9Nm\"><a href=\"https:\/\/sodepal.es\/en\/proyectos\/c-v-el-tendal\/\">C.V. El Tendal<\/a><\/blockquote><iframe sandbox=\"allow-scripts\" security=\"restricted\" src=\"https:\/\/sodepal.es\/en\/proyectos\/c-v-el-tendal\/embed\/#?secret=yS2lQqm9Nm\" width=\"600\" height=\"338\" title=\"&#8220;C.V. El Tendal&#8221; &#8212; Sociedad de Promoci\u00f3n y Desarrollo Econ\u00f3mico y Social de La Palma - SODEPAL\" data-secret=\"yS2lQqm9Nm\" frameborder=\"0\" marginwidth=\"0\" marginheight=\"0\" scrolling=\"no\" class=\"wp-embedded-content\"><\/iframe><script>\n\/*! This file is auto-generated *\/\n!function(d,l){\"use strict\";l.querySelector&&d.addEventListener&&\"undefined\"!=typeof URL&&(d.wp=d.wp||{},d.wp.receiveEmbedMessage||(d.wp.receiveEmbedMessage=function(e){var t=e.data;if((t||t.secret||t.message||t.value)&&!\/[^a-zA-Z0-9]\/.test(t.secret)){for(var s,r,n,a=l.querySelectorAll('iframe[data-secret=\"'+t.secret+'\"]'),o=l.querySelectorAll('blockquote[data-secret=\"'+t.secret+'\"]'),c=new RegExp(\"^https?:$\",\"i\"),i=0;i<o.length;i++)o[i].style.display=\"none\";for(i=0;i<a.length;i++)s=a[i],e.source===s.contentWindow&&(s.removeAttribute(\"style\"),\"height\"===t.message?(1e3<(r=parseInt(t.value,10))?r=1e3:~~r<200&&(r=200),s.height=r):\"link\"===t.message&&(r=new URL(s.getAttribute(\"src\")),n=new URL(t.value),c.test(n.protocol))&&n.host===r.host&&l.activeElement===s&&(d.top.location.href=t.value))}},d.addEventListener(\"message\",d.wp.receiveEmbedMessage,!1),l.addEventListener(\"DOMContentLoaded\",function(){for(var e,t,s=l.querySelectorAll(\"iframe.wp-embedded-content\"),r=0;r<s.length;r++)(t=(e=s[r]).getAttribute(\"data-secret\"))||(t=Math.random().toString(36).substring(2,12),e.src+=\"#?secret=\"+t,e.setAttribute(\"data-secret\",t)),e.contentWindow.postMessage({message:\"ready\",secret:t},\"*\")},!1)))}(window,document);\n\/\/# sourceURL=https:\/\/sodepal.es\/wp-includes\/js\/wp-embed.min.js\n<\/script>","description":"C.V. El Tendal El Parque Arqueol\u00f3gico de El Tendal tiene como centro neur\u00e1lgico una enorme cueva natural en la que vivieron una veintena de Benahoaritas (Abor\u00edgenes de La Palma) durante, como m\u00ednimo, unos mil a\u00f1os. En este yacimiento arqueol\u00f3gico se han llevado a cabo cinco campa\u00f1as de excavaciones, dirigidas por Ernesto Mart\u00edn Rodr\u00edguez y Juan ... Read more","thumbnail_url":"https:\/\/sodepal.es\/wp-content\/uploads\/2023\/11\/tendal.jpg"}