{"id":23747,"date":"2025-04-16T12:29:23","date_gmt":"2025-04-16T12:29:23","guid":{"rendered":"https:\/\/sodepal.es\/?post_type=evento&#038;p=23747"},"modified":"2025-04-16T13:22:49","modified_gmt":"2025-04-16T13:22:49","slug":"planetario-itinerante","status":"publish","type":"evento","link":"https:\/\/sodepal.es\/en\/evento\/planetario-itinerante\/","title":{"rendered":"Travelling Planetarium"},"content":{"rendered":"<div data-elementor-type=\"wp-post\" data-elementor-id=\"23747\" class=\"elementor elementor-23747\" data-elementor-post-type=\"evento\">\n\t\t\t\t\t\t<section class=\"elementor-section elementor-top-section elementor-element elementor-element-6f8fabf elementor-section-boxed elementor-section-height-default elementor-section-height-default\" data-id=\"6f8fabf\" data-element_type=\"section\" data-e-type=\"section\">\n\t\t\t\t\t\t<div class=\"elementor-container elementor-column-gap-default\">\n\t\t\t\t\t<div class=\"elementor-column elementor-col-100 elementor-top-column elementor-element elementor-element-cebc6d3\" data-id=\"cebc6d3\" data-element_type=\"column\" data-e-type=\"column\">\n\t\t\t<div class=\"elementor-widget-wrap elementor-element-populated\">\n\t\t\t\t\t\t<div class=\"elementor-element elementor-element-8222faf elementor-widget elementor-widget-text-editor\" data-id=\"8222faf\" data-element_type=\"widget\" data-e-type=\"widget\" data-widget_type=\"text-editor.default\">\n\t\t\t\t<div class=\"elementor-widget-container\">\n\t\t\t\t\t\t\t\t\t<div data-id=\"02e050b\" data-element_type=\"widget\" data-widget_type=\"text-editor.default\"><div class=\"x11i5rnm xat24cr x1mh8g0r x1vvkbs xtlvy1s x126k92a\"><div dir=\"auto\"><p>A powerful educational and informative tool promoted by the Youth and Tourism Departments of the La Palma Island Council and the public company SODEPAL through the Astrotourism Promotion and Dissemination Programme.<\/p><p>Its activity is mainly aimed at schools on request, adapting to all academic levels.<\/p><p>Each session lasts approximately 40 minutes, structured in 3 parts:<\/p><ul><li>A first block in which an immersive video is projected.<\/li><li>A second section talks about the Sky Protection Law, giving importance to the Observatory, Astrotourism and nocturnal biodiversity.<\/li><li>Finally, a tour of the constellations and a display of shooting stars.<\/li><\/ul><p>For more information, availability, conditions of use and space requirements, please contact us by email: \u00a0<a href=\"mailto:antonio.gonzalez@sodepal.es\" target=\"_blank\" rel=\"noopener\">antonio.gonzalez@sodepal.es<\/a><\/p><\/div><\/div><\/div>\t\t\t\t\t\t\t\t<\/div>\n\t\t\t\t<\/div>\n\t\t\t\t<div class=\"elementor-element elementor-element-28e3cad elementor-widget elementor-widget-image\" data-id=\"28e3cad\" data-element_type=\"widget\" data-e-type=\"widget\" data-widget_type=\"image.default\">\n\t\t\t\t<div class=\"elementor-widget-container\">\n\t\t\t\t\t\t\t\t\t\t\t\t\t\t\t<img fetchpriority=\"high\" decoding=\"async\" width=\"400\" height=\"400\" src=\"https:\/\/sodepal.es\/wp-content\/uploads\/2022\/09\/palp.png\" class=\"attachment-medium_large size-medium_large wp-image-6092\" alt=\"\" srcset=\"https:\/\/sodepal.es\/wp-content\/uploads\/2022\/09\/palp.png 400w, https:\/\/sodepal.es\/wp-content\/uploads\/2022\/09\/palp-300x300.png 300w, https:\/\/sodepal.es\/wp-content\/uploads\/2022\/09\/palp-150x150.png 150w\" sizes=\"(max-width: 400px) 100vw, 400px\" \/>\t\t\t\t\t\t\t\t\t\t\t\t\t\t\t<\/div>\n\t\t\t\t<\/div>\n\t\t\t\t<div class=\"elementor-element elementor-element-22ca686 elementor-widget elementor-widget-gallery\" data-id=\"22ca686\" data-element_type=\"widget\" data-e-type=\"widget\" data-settings=\"{&quot;columns&quot;:2,&quot;lazyload&quot;:&quot;yes&quot;,&quot;gallery_layout&quot;:&quot;grid&quot;,&quot;columns_tablet&quot;:2,&quot;columns_mobile&quot;:1,&quot;gap&quot;:{&quot;unit&quot;:&quot;px&quot;,&quot;size&quot;:10,&quot;sizes&quot;:[]},&quot;gap_tablet&quot;:{&quot;unit&quot;:&quot;px&quot;,&quot;size&quot;:10,&quot;sizes&quot;:[]},&quot;gap_mobile&quot;:{&quot;unit&quot;:&quot;px&quot;,&quot;size&quot;:10,&quot;sizes&quot;:[]},&quot;link_to&quot;:&quot;file&quot;,&quot;aspect_ratio&quot;:&quot;3:2&quot;,&quot;overlay_background&quot;:&quot;yes&quot;,&quot;content_hover_animation&quot;:&quot;fade-in&quot;}\" data-widget_type=\"gallery.default\">\n\t\t\t\t<div class=\"elementor-widget-container\">\n\t\t\t\t\t\t\t<div class=\"elementor-gallery__container\">\n\t\t\t\t\t\t\t<a class=\"e-gallery-item elementor-gallery-item elementor-animated-content\" href=\"https:\/\/sodepal.es\/wp-content\/uploads\/2025\/04\/Planetario_itinerante2-scaled.jpeg\" data-elementor-open-lightbox=\"yes\" data-elementor-lightbox-slideshow=\"22ca686\" data-elementor-lightbox-title=\"Planetario_itinerante2\" data-e-action-hash=\"#elementor-action%3Aaction%3Dlightbox%26settings%3DeyJpZCI6MjM3NTAsInVybCI6Imh0dHBzOlwvXC9zb2RlcGFsLmVzXC93cC1jb250ZW50XC91cGxvYWRzXC8yMDI1XC8wNFwvUGxhbmV0YXJpb19pdGluZXJhbnRlMi1zY2FsZWQuanBlZyIsInNsaWRlc2hvdyI6IjIyY2E2ODYifQ%3D%3D\">\n\t\t\t\t\t<div class=\"e-gallery-image elementor-gallery-item__image\" data-thumbnail=\"https:\/\/sodepal.es\/wp-content\/uploads\/2025\/04\/Planetario_itinerante2-768x442.jpeg\" data-width=\"768\" data-height=\"442\" aria-label=\"\" role=\"img\" ><\/div>\n\t\t\t\t\t\t\t\t\t\t\t<div class=\"elementor-gallery-item__overlay\"><\/div>\n\t\t\t\t\t\t\t\t\t\t\t\t\t\t<\/a>\n\t\t\t\t\t\t\t<a class=\"e-gallery-item elementor-gallery-item elementor-animated-content\" href=\"https:\/\/sodepal.es\/wp-content\/uploads\/2025\/04\/Planetario3.jpg\" data-elementor-open-lightbox=\"yes\" data-elementor-lightbox-slideshow=\"22ca686\" data-elementor-lightbox-title=\"Planetario3\" data-e-action-hash=\"#elementor-action%3Aaction%3Dlightbox%26settings%3DeyJpZCI6MjM3NDEsInVybCI6Imh0dHBzOlwvXC9zb2RlcGFsLmVzXC93cC1jb250ZW50XC91cGxvYWRzXC8yMDI1XC8wNFwvUGxhbmV0YXJpbzMuanBnIiwic2xpZGVzaG93IjoiMjJjYTY4NiJ9\">\n\t\t\t\t\t<div class=\"e-gallery-image elementor-gallery-item__image\" data-thumbnail=\"https:\/\/sodepal.es\/wp-content\/uploads\/2025\/04\/Planetario3-768x543.jpg\" data-width=\"768\" data-height=\"543\" aria-label=\"\" role=\"img\" ><\/div>\n\t\t\t\t\t\t\t\t\t\t\t<div class=\"elementor-gallery-item__overlay\"><\/div>\n\t\t\t\t\t\t\t\t\t\t\t\t\t\t<\/a>\n\t\t\t\t\t\t\t<a class=\"e-gallery-item elementor-gallery-item elementor-animated-content\" href=\"https:\/\/sodepal.es\/wp-content\/uploads\/2025\/04\/Planetario1.jpg\" data-elementor-open-lightbox=\"yes\" data-elementor-lightbox-slideshow=\"22ca686\" data-elementor-lightbox-title=\"Planetario1\" data-e-action-hash=\"#elementor-action%3Aaction%3Dlightbox%26settings%3DeyJpZCI6MjM3NDAsInVybCI6Imh0dHBzOlwvXC9zb2RlcGFsLmVzXC93cC1jb250ZW50XC91cGxvYWRzXC8yMDI1XC8wNFwvUGxhbmV0YXJpbzEuanBnIiwic2xpZGVzaG93IjoiMjJjYTY4NiJ9\">\n\t\t\t\t\t<div class=\"e-gallery-image elementor-gallery-item__image\" data-thumbnail=\"https:\/\/sodepal.es\/wp-content\/uploads\/2025\/04\/Planetario1-768x509.jpg\" data-width=\"768\" data-height=\"509\" aria-label=\"\" role=\"img\" ><\/div>\n\t\t\t\t\t\t\t\t\t\t\t<div class=\"elementor-gallery-item__overlay\"><\/div>\n\t\t\t\t\t\t\t\t\t\t\t\t\t\t<\/a>\n\t\t\t\t\t\t\t<a class=\"e-gallery-item elementor-gallery-item elementor-animated-content\" href=\"https:\/\/sodepal.es\/wp-content\/uploads\/2025\/04\/Planetario2.jpg\" data-elementor-open-lightbox=\"yes\" data-elementor-lightbox-slideshow=\"22ca686\" data-elementor-lightbox-title=\"Planetario2\" data-e-action-hash=\"#elementor-action%3Aaction%3Dlightbox%26settings%3DeyJpZCI6MjM3MzksInVybCI6Imh0dHBzOlwvXC9zb2RlcGFsLmVzXC93cC1jb250ZW50XC91cGxvYWRzXC8yMDI1XC8wNFwvUGxhbmV0YXJpbzIuanBnIiwic2xpZGVzaG93IjoiMjJjYTY4NiJ9\">\n\t\t\t\t\t<div class=\"e-gallery-image elementor-gallery-item__image\" data-thumbnail=\"https:\/\/sodepal.es\/wp-content\/uploads\/2025\/04\/Planetario2-768x420.jpg\" data-width=\"768\" data-height=\"420\" aria-label=\"\" role=\"img\" ><\/div>\n\t\t\t\t\t\t\t\t\t\t\t<div class=\"elementor-gallery-item__overlay\"><\/div>\n\t\t\t\t\t\t\t\t\t\t\t\t\t\t<\/a>\n\t\t\t\t\t<\/div>\n\t\t\t\t\t<\/div>\n\t\t\t\t<\/div>\n\t\t\t\t\t<\/div>\n\t\t<\/div>\n\t\t\t\t\t<\/div>\n\t\t<\/section>\n\t\t\t\t<\/div>","protected":false},"featured_media":23749,"template":"","meta":{"_acf_changed":false},"categoria-eventos":[67],"class_list":["post-23747","evento","type-evento","status-publish","has-post-thumbnail","hentry","categoria-eventos-sodepal"],"acf":[],"yoast_head":"<!-- This site is optimized with the Yoast SEO Premium plugin v22.0 (Yoast SEO v27.4) - https:\/\/yoast.com\/product\/yoast-seo-premium-wordpress\/ -->\n<title>Planetario Itinerante - Sociedad de Promoci\u00f3n y Desarrollo Econ\u00f3mico y Social de La Palma - SODEPAL<\/title>\n<meta name=\"description\" content=\"Agenda de eventos desarrollados por Sodepal\" \/>\n<meta name=\"robots\" content=\"index, follow, max-snippet:-1, max-image-preview:large, max-video-preview:-1\" \/>\n<link rel=\"canonical\" href=\"https:\/\/sodepal.es\/en\/evento\/planetario-itinerante\/\" \/>\n<meta property=\"og:locale\" content=\"en_GB\" \/>\n<meta property=\"og:type\" content=\"article\" \/>\n<meta property=\"og:title\" content=\"Planetario Itinerante\" \/>\n<meta property=\"og:description\" content=\"Agenda de eventos desarrollados por Sodepal\" \/>\n<meta property=\"og:url\" content=\"https:\/\/sodepal.es\/en\/evento\/planetario-itinerante\/\" \/>\n<meta property=\"og:site_name\" content=\"Sociedad de Promoci\u00f3n y Desarrollo Econ\u00f3mico y Social de La Palma - SODEPAL\" \/>\n<meta property=\"article:publisher\" content=\"https:\/\/www.facebook.com\/sodepal\" \/>\n<meta property=\"article:modified_time\" content=\"2025-04-16T13:22:49+00:00\" \/>\n<meta property=\"og:image\" content=\"https:\/\/sodepal.es\/wp-content\/uploads\/2025\/04\/planetario_itinerante.jpg\" \/>\n\t<meta property=\"og:image:width\" content=\"768\" \/>\n\t<meta property=\"og:image:height\" content=\"960\" \/>\n\t<meta property=\"og:image:type\" content=\"image\/jpeg\" \/>\n<meta name=\"twitter:card\" content=\"summary_large_image\" \/>\n<script type=\"application\/ld+json\" class=\"yoast-schema-graph\">{\"@context\":\"https:\\\/\\\/schema.org\",\"@graph\":[{\"@type\":\"WebPage\",\"@id\":\"https:\\\/\\\/sodepal.es\\\/evento\\\/planetario-itinerante\\\/\",\"url\":\"https:\\\/\\\/sodepal.es\\\/evento\\\/planetario-itinerante\\\/\",\"name\":\"Planetario Itinerante - Sociedad de Promoci\u00f3n y Desarrollo Econ\u00f3mico y Social de La Palma - SODEPAL\",\"isPartOf\":{\"@id\":\"https:\\\/\\\/sodepal.es\\\/#website\"},\"primaryImageOfPage\":{\"@id\":\"https:\\\/\\\/sodepal.es\\\/evento\\\/planetario-itinerante\\\/#primaryimage\"},\"image\":{\"@id\":\"https:\\\/\\\/sodepal.es\\\/evento\\\/planetario-itinerante\\\/#primaryimage\"},\"thumbnailUrl\":\"https:\\\/\\\/sodepal.es\\\/wp-content\\\/uploads\\\/2025\\\/04\\\/planetario_itinerante.jpg\",\"datePublished\":\"2025-04-16T12:29:23+00:00\",\"dateModified\":\"2025-04-16T13:22:49+00:00\",\"description\":\"Agenda de eventos desarrollados por Sodepal\",\"breadcrumb\":{\"@id\":\"https:\\\/\\\/sodepal.es\\\/evento\\\/planetario-itinerante\\\/#breadcrumb\"},\"inLanguage\":\"en-GB\",\"potentialAction\":[{\"@type\":\"ReadAction\",\"target\":[\"https:\\\/\\\/sodepal.es\\\/evento\\\/planetario-itinerante\\\/\"]}]},{\"@type\":\"ImageObject\",\"inLanguage\":\"en-GB\",\"@id\":\"https:\\\/\\\/sodepal.es\\\/evento\\\/planetario-itinerante\\\/#primaryimage\",\"url\":\"https:\\\/\\\/sodepal.es\\\/wp-content\\\/uploads\\\/2025\\\/04\\\/planetario_itinerante.jpg\",\"contentUrl\":\"https:\\\/\\\/sodepal.es\\\/wp-content\\\/uploads\\\/2025\\\/04\\\/planetario_itinerante.jpg\",\"width\":768,\"height\":960},{\"@type\":\"BreadcrumbList\",\"@id\":\"https:\\\/\\\/sodepal.es\\\/evento\\\/planetario-itinerante\\\/#breadcrumb\",\"itemListElement\":[{\"@type\":\"ListItem\",\"position\":1,\"name\":\"Inicio\",\"item\":\"https:\\\/\\\/sodepal.es\\\/\"},{\"@type\":\"ListItem\",\"position\":2,\"name\":\"Planetario Itinerante\"}]},{\"@type\":\"WebSite\",\"@id\":\"https:\\\/\\\/sodepal.es\\\/#website\",\"url\":\"https:\\\/\\\/sodepal.es\\\/\",\"name\":\"Sodepal\",\"description\":\"SODEPAL es una empresa p\u00fablica dependiente del Cabildo de La Palma. Promoci\u00f3n, Fomento y Desarrollo para la isla de La Palma\",\"publisher\":{\"@id\":\"https:\\\/\\\/sodepal.es\\\/#organization\"},\"alternateName\":\"Sociedad de Promoci\u00f3n y Desarrollo Econ\u00f3mico y Social de La Palma\",\"potentialAction\":[{\"@type\":\"SearchAction\",\"target\":{\"@type\":\"EntryPoint\",\"urlTemplate\":\"https:\\\/\\\/sodepal.es\\\/?s={search_term_string}\"},\"query-input\":{\"@type\":\"PropertyValueSpecification\",\"valueRequired\":true,\"valueName\":\"search_term_string\"}}],\"inLanguage\":\"en-GB\"},{\"@type\":\"Organization\",\"@id\":\"https:\\\/\\\/sodepal.es\\\/#organization\",\"name\":\"Sociedad de Promoci\u00f3n y Desarrollo Econ\u00f3mico y Social de La Palma\",\"alternateName\":\"Sodepal\",\"url\":\"https:\\\/\\\/sodepal.es\\\/\",\"logo\":{\"@type\":\"ImageObject\",\"inLanguage\":\"en-GB\",\"@id\":\"https:\\\/\\\/sodepal.es\\\/#\\\/schema\\\/logo\\\/image\\\/\",\"url\":\"https:\\\/\\\/sodepal.es\\\/wp-content\\\/uploads\\\/2022\\\/09\\\/logo_web.png\",\"contentUrl\":\"https:\\\/\\\/sodepal.es\\\/wp-content\\\/uploads\\\/2022\\\/09\\\/logo_web.png\",\"width\":658,\"height\":156,\"caption\":\"Sociedad de Promoci\u00f3n y Desarrollo Econ\u00f3mico y Social de La Palma\"},\"image\":{\"@id\":\"https:\\\/\\\/sodepal.es\\\/#\\\/schema\\\/logo\\\/image\\\/\"},\"sameAs\":[\"https:\\\/\\\/www.facebook.com\\\/sodepal\",\"https:\\\/\\\/www.instagram.com\\\/sodepallapalma\\\/\"],\"description\":\"Sociedad de Promoci\u00f3n y Desarrollo econ\u00f3mico y Social de La Palma, empresa p\u00fablica dependiente del Cabildo de La Palma\",\"email\":\"info@sodepal.es\",\"telephone\":\"922417323\",\"legalName\":\"Sociedad de Promoci\u00f3n y Desarrollo Econ\u00f3mico de la isla de La Palma S.A.U.\"}]}<\/script>\n<!-- \/ Yoast SEO Premium plugin. -->","yoast_head_json":{"title":"Planetario Itinerante - Sociedad de Promoci\u00f3n y Desarrollo Econ\u00f3mico y Social de La Palma - SODEPAL","description":"Agenda de eventos desarrollados por Sodepal","robots":{"index":"index","follow":"follow","max-snippet":"max-snippet:-1","max-image-preview":"max-image-preview:large","max-video-preview":"max-video-preview:-1"},"canonical":"https:\/\/sodepal.es\/en\/evento\/planetario-itinerante\/","og_locale":"en_GB","og_type":"article","og_title":"Planetario Itinerante","og_description":"Agenda de eventos desarrollados por Sodepal","og_url":"https:\/\/sodepal.es\/en\/evento\/planetario-itinerante\/","og_site_name":"Sociedad de Promoci\u00f3n y Desarrollo Econ\u00f3mico y Social de La Palma - SODEPAL","article_publisher":"https:\/\/www.facebook.com\/sodepal","article_modified_time":"2025-04-16T13:22:49+00:00","og_image":[{"width":768,"height":960,"url":"https:\/\/sodepal.es\/wp-content\/uploads\/2025\/04\/planetario_itinerante.jpg","type":"image\/jpeg"}],"twitter_card":"summary_large_image","schema":{"@context":"https:\/\/schema.org","@graph":[{"@type":"WebPage","@id":"https:\/\/sodepal.es\/evento\/planetario-itinerante\/","url":"https:\/\/sodepal.es\/evento\/planetario-itinerante\/","name":"Planetario Itinerante - Sociedad de Promoci\u00f3n y Desarrollo Econ\u00f3mico y Social de La Palma - SODEPAL","isPartOf":{"@id":"https:\/\/sodepal.es\/#website"},"primaryImageOfPage":{"@id":"https:\/\/sodepal.es\/evento\/planetario-itinerante\/#primaryimage"},"image":{"@id":"https:\/\/sodepal.es\/evento\/planetario-itinerante\/#primaryimage"},"thumbnailUrl":"https:\/\/sodepal.es\/wp-content\/uploads\/2025\/04\/planetario_itinerante.jpg","datePublished":"2025-04-16T12:29:23+00:00","dateModified":"2025-04-16T13:22:49+00:00","description":"Agenda de eventos desarrollados por Sodepal","breadcrumb":{"@id":"https:\/\/sodepal.es\/evento\/planetario-itinerante\/#breadcrumb"},"inLanguage":"en-GB","potentialAction":[{"@type":"ReadAction","target":["https:\/\/sodepal.es\/evento\/planetario-itinerante\/"]}]},{"@type":"ImageObject","inLanguage":"en-GB","@id":"https:\/\/sodepal.es\/evento\/planetario-itinerante\/#primaryimage","url":"https:\/\/sodepal.es\/wp-content\/uploads\/2025\/04\/planetario_itinerante.jpg","contentUrl":"https:\/\/sodepal.es\/wp-content\/uploads\/2025\/04\/planetario_itinerante.jpg","width":768,"height":960},{"@type":"BreadcrumbList","@id":"https:\/\/sodepal.es\/evento\/planetario-itinerante\/#breadcrumb","itemListElement":[{"@type":"ListItem","position":1,"name":"Inicio","item":"https:\/\/sodepal.es\/"},{"@type":"ListItem","position":2,"name":"Planetario Itinerante"}]},{"@type":"WebSite","@id":"https:\/\/sodepal.es\/#website","url":"https:\/\/sodepal.es\/","name":"Sodepal","description":"SODEPAL es una empresa p\u00fablica dependiente del Cabildo de La Palma. Promoci\u00f3n, Fomento y Desarrollo para la isla de La Palma","publisher":{"@id":"https:\/\/sodepal.es\/#organization"},"alternateName":"Sociedad de Promoci\u00f3n y Desarrollo Econ\u00f3mico y Social de La Palma","potentialAction":[{"@type":"SearchAction","target":{"@type":"EntryPoint","urlTemplate":"https:\/\/sodepal.es\/?s={search_term_string}"},"query-input":{"@type":"PropertyValueSpecification","valueRequired":true,"valueName":"search_term_string"}}],"inLanguage":"en-GB"},{"@type":"Organization","@id":"https:\/\/sodepal.es\/#organization","name":"Sociedad de Promoci\u00f3n y Desarrollo Econ\u00f3mico y Social de La Palma","alternateName":"Sodepal","url":"https:\/\/sodepal.es\/","logo":{"@type":"ImageObject","inLanguage":"en-GB","@id":"https:\/\/sodepal.es\/#\/schema\/logo\/image\/","url":"https:\/\/sodepal.es\/wp-content\/uploads\/2022\/09\/logo_web.png","contentUrl":"https:\/\/sodepal.es\/wp-content\/uploads\/2022\/09\/logo_web.png","width":658,"height":156,"caption":"Sociedad de Promoci\u00f3n y Desarrollo Econ\u00f3mico y Social de La Palma"},"image":{"@id":"https:\/\/sodepal.es\/#\/schema\/logo\/image\/"},"sameAs":["https:\/\/www.facebook.com\/sodepal","https:\/\/www.instagram.com\/sodepallapalma\/"],"description":"Sociedad de Promoci\u00f3n y Desarrollo econ\u00f3mico y Social de La Palma, empresa p\u00fablica dependiente del Cabildo de La Palma","email":"info@sodepal.es","telephone":"922417323","legalName":"Sociedad de Promoci\u00f3n y Desarrollo Econ\u00f3mico de la isla de La Palma S.A.U."}]}},"_links":{"self":[{"href":"https:\/\/sodepal.es\/en\/wp-json\/wp\/v2\/evento\/23747","targetHints":{"allow":["GET"]}}],"collection":[{"href":"https:\/\/sodepal.es\/en\/wp-json\/wp\/v2\/evento"}],"about":[{"href":"https:\/\/sodepal.es\/en\/wp-json\/wp\/v2\/types\/evento"}],"version-history":[{"count":0,"href":"https:\/\/sodepal.es\/en\/wp-json\/wp\/v2\/evento\/23747\/revisions"}],"wp:featuredmedia":[{"embeddable":true,"href":"https:\/\/sodepal.es\/en\/wp-json\/wp\/v2\/media\/23749"}],"wp:attachment":[{"href":"https:\/\/sodepal.es\/en\/wp-json\/wp\/v2\/media?parent=23747"}],"wp:term":[{"taxonomy":"categoria-eventos","embeddable":true,"href":"https:\/\/sodepal.es\/en\/wp-json\/wp\/v2\/categoria-eventos?post=23747"}],"curies":[{"name":"wp","href":"https:\/\/api.w.org\/{rel}","templated":true}]}}