{"id":24938,"date":"2025-08-14T08:54:42","date_gmt":"2025-08-14T08:54:42","guid":{"rendered":"https:\/\/sodepal.es\/?post_type=evento&#038;p=24938"},"modified":"2025-08-27T20:27:47","modified_gmt":"2025-08-27T20:27:47","slug":"feria-de-salud-belleza-y-bienestar","status":"publish","type":"evento","link":"https:\/\/sodepal.es\/en\/evento\/feria-de-salud-belleza-y-bienestar\/","title":{"rendered":"Health, Beauty and Wellness Fair"},"content":{"rendered":"<div data-elementor-type=\"wp-post\" data-elementor-id=\"24938\" class=\"elementor elementor-24938\" data-elementor-post-type=\"evento\">\n\t\t\t\t\t\t<section class=\"elementor-section elementor-top-section elementor-element elementor-element-6f8fabf elementor-section-boxed elementor-section-height-default elementor-section-height-default\" data-id=\"6f8fabf\" data-element_type=\"section\" data-e-type=\"section\">\n\t\t\t\t\t\t<div class=\"elementor-container elementor-column-gap-default\">\n\t\t\t\t\t<div class=\"elementor-column elementor-col-100 elementor-top-column elementor-element elementor-element-cebc6d3\" data-id=\"cebc6d3\" data-element_type=\"column\" data-e-type=\"column\">\n\t\t\t<div class=\"elementor-widget-wrap elementor-element-populated\">\n\t\t\t\t\t\t<div class=\"elementor-element elementor-element-420d79c elementor-widget elementor-widget-text-editor\" data-id=\"420d79c\" data-element_type=\"widget\" data-e-type=\"widget\" data-widget_type=\"text-editor.default\">\n\t\t\t\t<div class=\"elementor-widget-container\">\n\t\t\t\t\t\t\t\t\t<div data-id=\"02e050b\" data-element_type=\"widget\" data-widget_type=\"text-editor.default\"><div dir=\"auto\"><p>The Cabildo de La Palma, through the Society for Economic and Social Promotion and Development of La Palma (SODEPAL), is working on the organisation of the 1st Health, Beauty and Wellness Fair. The event will take place on the 5th and 6th of September at the Casa de la Cultura in Los Llanos de Aridane, with the triple aim of promoting healthy lifestyle habits, giving visibility to the self-care sector and promoting the local business fabric.<\/p><p>The fair will be structured in three different areas to offer a complete experience. The first will be a lecture area, dedicated to talks on physical and mental health, nutrition, beauty and emotional wellbeing, given by experts in the sector. The second will be for exhibitions, where practical activities such as yoga, pilates or crossfit sessions will be held, allowing attendees to actively participate. Finally, there will be a space with stands for the promotion and marketing of products and services of the participating companies.<\/p><\/div><\/div>\t\t\t\t\t\t\t\t<\/div>\n\t\t\t\t<\/div>\n\t\t\t\t<div class=\"elementor-element elementor-element-f6f98f1 elementor-widget elementor-widget-eael-creative-button\" data-id=\"f6f98f1\" data-element_type=\"widget\" data-e-type=\"widget\" data-widget_type=\"eael-creative-button.default\">\n\t\t\t\t<div class=\"elementor-widget-container\">\n\t\t\t\t\t        <div class=\"eael-creative-button-wrapper\">\n\n            <a class=\"eael-creative-button eael-creative-button--ujarak eael-cb-icon-position-left\" href=\"https:\/\/sodepal.es\/wp-content\/uploads\/2025\/08\/Bases_Feria_Belleza_Salud_Bienestar-1.pdf\" target=\"_blank\" data-text=\"\">\n            \t    \n                <div class=\"creative-button-inner\">\n\n                                            <span class=\"eael-creative-button-icon-left\"><i aria-hidden=\"true\" class=\"fas fa-spa\"><\/i><\/span>                    \n                    <span class=\"cretive-button-text\">Rules of Participation<\/span>\n\n                                    <\/div>\n\t                        <\/a>\n        <\/div>\n        \t\t\t\t<\/div>\n\t\t\t\t<\/div>\n\t\t\t\t<div class=\"elementor-element elementor-element-f218150 elementor-widget elementor-widget-eael-creative-button\" data-id=\"f218150\" data-element_type=\"widget\" data-e-type=\"widget\" data-widget_type=\"eael-creative-button.default\">\n\t\t\t\t<div class=\"elementor-widget-container\">\n\t\t\t\t\t        <div class=\"eael-creative-button-wrapper\">\n\n            <a class=\"eael-creative-button eael-creative-button--ujarak eael-cb-icon-position-left\" href=\"https:\/\/sodepal.es\/en\/feria-de-salud-belleza-y-bienestar\/\" target=\"_blank\" data-text=\"\">\n            \t    \n                <div class=\"creative-button-inner\">\n\n                                            <span class=\"eael-creative-button-icon-left\"><i aria-hidden=\"true\" class=\"fas fa-spa\"><\/i><\/span>                    \n                    <span class=\"cretive-button-text\">Further information<\/span>\n\n                                    <\/div>\n\t                        <\/a>\n        <\/div>\n        \t\t\t\t<\/div>\n\t\t\t\t<\/div>\n\t\t\t\t\t<\/div>\n\t\t<\/div>\n\t\t\t\t\t<\/div>\n\t\t<\/section>\n\t\t\t\t<\/div>","protected":false},"featured_media":24940,"template":"","meta":{"_acf_changed":false},"categoria-eventos":[67],"class_list":["post-24938","evento","type-evento","status-publish","has-post-thumbnail","hentry","categoria-eventos-sodepal"],"acf":[],"yoast_head":"<!-- This site is optimized with the Yoast SEO Premium plugin v22.0 (Yoast SEO v27.4) - https:\/\/yoast.com\/product\/yoast-seo-premium-wordpress\/ -->\n<title>Feria de Salud, Belleza y Bienestar - Sociedad de Promoci\u00f3n y Desarrollo Econ\u00f3mico y Social de La Palma - SODEPAL<\/title>\n<meta name=\"description\" content=\"Agenda de eventos desarrollados por Sodepal\" \/>\n<meta name=\"robots\" content=\"index, follow, max-snippet:-1, max-image-preview:large, max-video-preview:-1\" \/>\n<link rel=\"canonical\" href=\"https:\/\/sodepal.es\/en\/evento\/feria-de-salud-belleza-y-bienestar\/\" \/>\n<meta property=\"og:locale\" content=\"en_GB\" \/>\n<meta property=\"og:type\" content=\"article\" \/>\n<meta property=\"og:title\" content=\"Feria de Salud, Belleza y Bienestar\" \/>\n<meta property=\"og:description\" content=\"Agenda de eventos desarrollados por Sodepal\" \/>\n<meta property=\"og:url\" content=\"https:\/\/sodepal.es\/en\/evento\/feria-de-salud-belleza-y-bienestar\/\" \/>\n<meta property=\"og:site_name\" content=\"Sociedad de Promoci\u00f3n y Desarrollo Econ\u00f3mico y Social de La Palma - SODEPAL\" \/>\n<meta property=\"article:publisher\" content=\"https:\/\/www.facebook.com\/sodepal\" \/>\n<meta property=\"article:modified_time\" content=\"2025-08-27T20:27:47+00:00\" \/>\n<meta property=\"og:image\" content=\"https:\/\/sodepal.es\/wp-content\/uploads\/2025\/08\/Feria_salud_bienestar.jpg\" \/>\n\t<meta property=\"og:image:width\" content=\"768\" \/>\n\t<meta property=\"og:image:height\" content=\"960\" \/>\n\t<meta property=\"og:image:type\" content=\"image\/jpeg\" \/>\n<meta name=\"twitter:card\" content=\"summary_large_image\" \/>\n<script type=\"application\/ld+json\" class=\"yoast-schema-graph\">{\"@context\":\"https:\\\/\\\/schema.org\",\"@graph\":[{\"@type\":\"WebPage\",\"@id\":\"https:\\\/\\\/sodepal.es\\\/evento\\\/feria-de-salud-belleza-y-bienestar\\\/\",\"url\":\"https:\\\/\\\/sodepal.es\\\/evento\\\/feria-de-salud-belleza-y-bienestar\\\/\",\"name\":\"Feria de Salud, Belleza y Bienestar - Sociedad de Promoci\u00f3n y Desarrollo Econ\u00f3mico y Social de La Palma - SODEPAL\",\"isPartOf\":{\"@id\":\"https:\\\/\\\/sodepal.es\\\/#website\"},\"primaryImageOfPage\":{\"@id\":\"https:\\\/\\\/sodepal.es\\\/evento\\\/feria-de-salud-belleza-y-bienestar\\\/#primaryimage\"},\"image\":{\"@id\":\"https:\\\/\\\/sodepal.es\\\/evento\\\/feria-de-salud-belleza-y-bienestar\\\/#primaryimage\"},\"thumbnailUrl\":\"https:\\\/\\\/sodepal.es\\\/wp-content\\\/uploads\\\/2025\\\/08\\\/Feria_salud_bienestar.jpg\",\"datePublished\":\"2025-08-14T08:54:42+00:00\",\"dateModified\":\"2025-08-27T20:27:47+00:00\",\"description\":\"Agenda de eventos desarrollados por Sodepal\",\"breadcrumb\":{\"@id\":\"https:\\\/\\\/sodepal.es\\\/evento\\\/feria-de-salud-belleza-y-bienestar\\\/#breadcrumb\"},\"inLanguage\":\"en-GB\",\"potentialAction\":[{\"@type\":\"ReadAction\",\"target\":[\"https:\\\/\\\/sodepal.es\\\/evento\\\/feria-de-salud-belleza-y-bienestar\\\/\"]}]},{\"@type\":\"ImageObject\",\"inLanguage\":\"en-GB\",\"@id\":\"https:\\\/\\\/sodepal.es\\\/evento\\\/feria-de-salud-belleza-y-bienestar\\\/#primaryimage\",\"url\":\"https:\\\/\\\/sodepal.es\\\/wp-content\\\/uploads\\\/2025\\\/08\\\/Feria_salud_bienestar.jpg\",\"contentUrl\":\"https:\\\/\\\/sodepal.es\\\/wp-content\\\/uploads\\\/2025\\\/08\\\/Feria_salud_bienestar.jpg\",\"width\":768,\"height\":960},{\"@type\":\"BreadcrumbList\",\"@id\":\"https:\\\/\\\/sodepal.es\\\/evento\\\/feria-de-salud-belleza-y-bienestar\\\/#breadcrumb\",\"itemListElement\":[{\"@type\":\"ListItem\",\"position\":1,\"name\":\"Inicio\",\"item\":\"https:\\\/\\\/sodepal.es\\\/\"},{\"@type\":\"ListItem\",\"position\":2,\"name\":\"Feria de Salud, Belleza y Bienestar\"}]},{\"@type\":\"WebSite\",\"@id\":\"https:\\\/\\\/sodepal.es\\\/#website\",\"url\":\"https:\\\/\\\/sodepal.es\\\/\",\"name\":\"Sodepal\",\"description\":\"SODEPAL es una empresa p\u00fablica dependiente del Cabildo de La Palma. Promoci\u00f3n, Fomento y Desarrollo para la isla de La Palma\",\"publisher\":{\"@id\":\"https:\\\/\\\/sodepal.es\\\/#organization\"},\"alternateName\":\"Sociedad de Promoci\u00f3n y Desarrollo Econ\u00f3mico y Social de La Palma\",\"potentialAction\":[{\"@type\":\"SearchAction\",\"target\":{\"@type\":\"EntryPoint\",\"urlTemplate\":\"https:\\\/\\\/sodepal.es\\\/?s={search_term_string}\"},\"query-input\":{\"@type\":\"PropertyValueSpecification\",\"valueRequired\":true,\"valueName\":\"search_term_string\"}}],\"inLanguage\":\"en-GB\"},{\"@type\":\"Organization\",\"@id\":\"https:\\\/\\\/sodepal.es\\\/#organization\",\"name\":\"Sociedad de Promoci\u00f3n y Desarrollo Econ\u00f3mico y Social de La Palma\",\"alternateName\":\"Sodepal\",\"url\":\"https:\\\/\\\/sodepal.es\\\/\",\"logo\":{\"@type\":\"ImageObject\",\"inLanguage\":\"en-GB\",\"@id\":\"https:\\\/\\\/sodepal.es\\\/#\\\/schema\\\/logo\\\/image\\\/\",\"url\":\"https:\\\/\\\/sodepal.es\\\/wp-content\\\/uploads\\\/2022\\\/09\\\/logo_web.png\",\"contentUrl\":\"https:\\\/\\\/sodepal.es\\\/wp-content\\\/uploads\\\/2022\\\/09\\\/logo_web.png\",\"width\":658,\"height\":156,\"caption\":\"Sociedad de Promoci\u00f3n y Desarrollo Econ\u00f3mico y Social de La Palma\"},\"image\":{\"@id\":\"https:\\\/\\\/sodepal.es\\\/#\\\/schema\\\/logo\\\/image\\\/\"},\"sameAs\":[\"https:\\\/\\\/www.facebook.com\\\/sodepal\",\"https:\\\/\\\/www.instagram.com\\\/sodepallapalma\\\/\"],\"description\":\"Sociedad de Promoci\u00f3n y Desarrollo econ\u00f3mico y Social de La Palma, empresa p\u00fablica dependiente del Cabildo de La Palma\",\"email\":\"info@sodepal.es\",\"telephone\":\"922417323\",\"legalName\":\"Sociedad de Promoci\u00f3n y Desarrollo Econ\u00f3mico de la isla de La Palma S.A.U.\"}]}<\/script>\n<!-- \/ Yoast SEO Premium plugin. -->","yoast_head_json":{"title":"Feria de Salud, Belleza y Bienestar - Sociedad de Promoci\u00f3n y Desarrollo Econ\u00f3mico y Social de La Palma - SODEPAL","description":"Agenda de eventos desarrollados por Sodepal","robots":{"index":"index","follow":"follow","max-snippet":"max-snippet:-1","max-image-preview":"max-image-preview:large","max-video-preview":"max-video-preview:-1"},"canonical":"https:\/\/sodepal.es\/en\/evento\/feria-de-salud-belleza-y-bienestar\/","og_locale":"en_GB","og_type":"article","og_title":"Feria de Salud, Belleza y Bienestar","og_description":"Agenda de eventos desarrollados por Sodepal","og_url":"https:\/\/sodepal.es\/en\/evento\/feria-de-salud-belleza-y-bienestar\/","og_site_name":"Sociedad de Promoci\u00f3n y Desarrollo Econ\u00f3mico y Social de La Palma - SODEPAL","article_publisher":"https:\/\/www.facebook.com\/sodepal","article_modified_time":"2025-08-27T20:27:47+00:00","og_image":[{"width":768,"height":960,"url":"https:\/\/sodepal.es\/wp-content\/uploads\/2025\/08\/Feria_salud_bienestar.jpg","type":"image\/jpeg"}],"twitter_card":"summary_large_image","schema":{"@context":"https:\/\/schema.org","@graph":[{"@type":"WebPage","@id":"https:\/\/sodepal.es\/evento\/feria-de-salud-belleza-y-bienestar\/","url":"https:\/\/sodepal.es\/evento\/feria-de-salud-belleza-y-bienestar\/","name":"Feria de Salud, Belleza y Bienestar - Sociedad de Promoci\u00f3n y Desarrollo Econ\u00f3mico y Social de La Palma - SODEPAL","isPartOf":{"@id":"https:\/\/sodepal.es\/#website"},"primaryImageOfPage":{"@id":"https:\/\/sodepal.es\/evento\/feria-de-salud-belleza-y-bienestar\/#primaryimage"},"image":{"@id":"https:\/\/sodepal.es\/evento\/feria-de-salud-belleza-y-bienestar\/#primaryimage"},"thumbnailUrl":"https:\/\/sodepal.es\/wp-content\/uploads\/2025\/08\/Feria_salud_bienestar.jpg","datePublished":"2025-08-14T08:54:42+00:00","dateModified":"2025-08-27T20:27:47+00:00","description":"Agenda de eventos desarrollados por Sodepal","breadcrumb":{"@id":"https:\/\/sodepal.es\/evento\/feria-de-salud-belleza-y-bienestar\/#breadcrumb"},"inLanguage":"en-GB","potentialAction":[{"@type":"ReadAction","target":["https:\/\/sodepal.es\/evento\/feria-de-salud-belleza-y-bienestar\/"]}]},{"@type":"ImageObject","inLanguage":"en-GB","@id":"https:\/\/sodepal.es\/evento\/feria-de-salud-belleza-y-bienestar\/#primaryimage","url":"https:\/\/sodepal.es\/wp-content\/uploads\/2025\/08\/Feria_salud_bienestar.jpg","contentUrl":"https:\/\/sodepal.es\/wp-content\/uploads\/2025\/08\/Feria_salud_bienestar.jpg","width":768,"height":960},{"@type":"BreadcrumbList","@id":"https:\/\/sodepal.es\/evento\/feria-de-salud-belleza-y-bienestar\/#breadcrumb","itemListElement":[{"@type":"ListItem","position":1,"name":"Inicio","item":"https:\/\/sodepal.es\/"},{"@type":"ListItem","position":2,"name":"Feria de Salud, Belleza y Bienestar"}]},{"@type":"WebSite","@id":"https:\/\/sodepal.es\/#website","url":"https:\/\/sodepal.es\/","name":"Sodepal","description":"SODEPAL es una empresa p\u00fablica dependiente del Cabildo de La Palma. Promoci\u00f3n, Fomento y Desarrollo para la isla de La Palma","publisher":{"@id":"https:\/\/sodepal.es\/#organization"},"alternateName":"Sociedad de Promoci\u00f3n y Desarrollo Econ\u00f3mico y Social de La Palma","potentialAction":[{"@type":"SearchAction","target":{"@type":"EntryPoint","urlTemplate":"https:\/\/sodepal.es\/?s={search_term_string}"},"query-input":{"@type":"PropertyValueSpecification","valueRequired":true,"valueName":"search_term_string"}}],"inLanguage":"en-GB"},{"@type":"Organization","@id":"https:\/\/sodepal.es\/#organization","name":"Sociedad de Promoci\u00f3n y Desarrollo Econ\u00f3mico y Social de La Palma","alternateName":"Sodepal","url":"https:\/\/sodepal.es\/","logo":{"@type":"ImageObject","inLanguage":"en-GB","@id":"https:\/\/sodepal.es\/#\/schema\/logo\/image\/","url":"https:\/\/sodepal.es\/wp-content\/uploads\/2022\/09\/logo_web.png","contentUrl":"https:\/\/sodepal.es\/wp-content\/uploads\/2022\/09\/logo_web.png","width":658,"height":156,"caption":"Sociedad de Promoci\u00f3n y Desarrollo Econ\u00f3mico y Social de La Palma"},"image":{"@id":"https:\/\/sodepal.es\/#\/schema\/logo\/image\/"},"sameAs":["https:\/\/www.facebook.com\/sodepal","https:\/\/www.instagram.com\/sodepallapalma\/"],"description":"Sociedad de Promoci\u00f3n y Desarrollo econ\u00f3mico y Social de La Palma, empresa p\u00fablica dependiente del Cabildo de La Palma","email":"info@sodepal.es","telephone":"922417323","legalName":"Sociedad de Promoci\u00f3n y Desarrollo Econ\u00f3mico de la isla de La Palma S.A.U."}]}},"_links":{"self":[{"href":"https:\/\/sodepal.es\/en\/wp-json\/wp\/v2\/evento\/24938","targetHints":{"allow":["GET"]}}],"collection":[{"href":"https:\/\/sodepal.es\/en\/wp-json\/wp\/v2\/evento"}],"about":[{"href":"https:\/\/sodepal.es\/en\/wp-json\/wp\/v2\/types\/evento"}],"version-history":[{"count":0,"href":"https:\/\/sodepal.es\/en\/wp-json\/wp\/v2\/evento\/24938\/revisions"}],"wp:featuredmedia":[{"embeddable":true,"href":"https:\/\/sodepal.es\/en\/wp-json\/wp\/v2\/media\/24940"}],"wp:attachment":[{"href":"https:\/\/sodepal.es\/en\/wp-json\/wp\/v2\/media?parent=24938"}],"wp:term":[{"taxonomy":"categoria-eventos","embeddable":true,"href":"https:\/\/sodepal.es\/en\/wp-json\/wp\/v2\/categoria-eventos?post=24938"}],"curies":[{"name":"wp","href":"https:\/\/api.w.org\/{rel}","templated":true}]}}