{"id":25065,"date":"2025-09-08T09:11:56","date_gmt":"2025-09-08T09:11:56","guid":{"rendered":"https:\/\/sodepal.es\/?post_type=evento&#038;p=25065"},"modified":"2025-09-08T09:19:04","modified_gmt":"2025-09-08T09:19:04","slug":"encuentro-del-atlatinco","status":"publish","type":"evento","link":"https:\/\/sodepal.es\/en\/evento\/encuentro-del-atlatinco\/","title":{"rendered":"Meeting of the Atlatinco"},"content":{"rendered":"<div data-elementor-type=\"wp-post\" data-elementor-id=\"25065\" class=\"elementor elementor-25065\" data-elementor-post-type=\"evento\">\n\t\t\t\t\t\t<section class=\"elementor-section elementor-top-section elementor-element elementor-element-6f8fabf elementor-section-boxed elementor-section-height-default elementor-section-height-default\" data-id=\"6f8fabf\" data-element_type=\"section\" data-e-type=\"section\">\n\t\t\t\t\t\t<div class=\"elementor-container elementor-column-gap-default\">\n\t\t\t\t\t<div class=\"elementor-column elementor-col-100 elementor-top-column elementor-element elementor-element-cebc6d3\" data-id=\"cebc6d3\" data-element_type=\"column\" data-e-type=\"column\">\n\t\t\t<div class=\"elementor-widget-wrap elementor-element-populated\">\n\t\t\t\t\t\t<div class=\"elementor-element elementor-element-420d79c elementor-widget elementor-widget-text-editor\" data-id=\"420d79c\" data-element_type=\"widget\" data-e-type=\"widget\" data-widget_type=\"text-editor.default\">\n\t\t\t\t<div class=\"elementor-widget-container\">\n\t\t\t\t\t\t\t\t\t<div data-id=\"02e050b\" data-element_type=\"widget\" data-widget_type=\"text-editor.default\"><div dir=\"auto\"><div class=\"field field--name-field-noticias-entradilla field--type-text-long field--label-hidden field--item\"><div class=\"field field--name-field-noticias-entradilla field--type-text-long field--label-hidden field--item\"><p><span style=\"font-size: inherit;\">The Cabildo de La Palma, through the public company Sodepal, is launching the new edition of the Encuentro del Atl\u00e1ntico, which in its new edition seeks to continue raising awareness about the care of the oceans and marine pollution and which will host the Insular Sailing Championship. The initiative will be held from 20 to 22 September.<\/span><\/p><p>As part of the event, the IV Regata Isla Bonita will also take place, which is the Isla Bonita Island Regatta Championship, in which sailors of all ages from different municipalities will participate in the categories of optimist, ilca and lateen sailing. The event has the collaboration of the Canarian Sailing Federation and the design of the regatta course is located between Bre\u00f1a Alta and Santa Cruz de La Palma.<\/p><p>On the same dates, the fourth edition of the Diving Baptism will take place in the area of Malpique in Fuencaliente, an area renowned for lovers of this activity due to the Malpique Crosses and the Malpique Tower. In this case, it should be noted that this is an introductory experience with a shallow dive.<\/p><\/div><\/div><\/div><\/div>\t\t\t\t\t\t\t\t<\/div>\n\t\t\t\t<\/div>\n\t\t\t\t<div class=\"elementor-element elementor-element-ba6edfc elementor-widget elementor-widget-image\" data-id=\"ba6edfc\" data-element_type=\"widget\" data-e-type=\"widget\" data-widget_type=\"image.default\">\n\t\t\t\t<div class=\"elementor-widget-container\">\n\t\t\t\t\t\t\t\t\t\t\t\t\t\t\t\t<a href=\"https:\/\/sodepal.es\/wp-content\/uploads\/2025\/09\/Encuentro_Atlantico.jpeg\" data-elementor-open-lightbox=\"yes\" data-elementor-lightbox-title=\"Encuentro_Atlantico\" data-e-action-hash=\"#elementor-action%3Aaction%3Dlightbox%26settings%3DeyJpZCI6MjUwNTgsInVybCI6Imh0dHBzOlwvXC9zb2RlcGFsLmVzXC93cC1jb250ZW50XC91cGxvYWRzXC8yMDI1XC8wOVwvRW5jdWVudHJvX0F0bGFudGljby5qcGVnIn0%3D\">\n\t\t\t\t\t\t\t<img fetchpriority=\"high\" decoding=\"async\" width=\"1024\" height=\"789\" src=\"https:\/\/sodepal.es\/wp-content\/uploads\/2025\/09\/Encuentro_Atlantico-1024x789.jpeg\" class=\"attachment-large size-large wp-image-25058\" alt=\"\" srcset=\"https:\/\/sodepal.es\/wp-content\/uploads\/2025\/09\/Encuentro_Atlantico-1024x789.jpeg 1024w, https:\/\/sodepal.es\/wp-content\/uploads\/2025\/09\/Encuentro_Atlantico-300x231.jpeg 300w, https:\/\/sodepal.es\/wp-content\/uploads\/2025\/09\/Encuentro_Atlantico-768x592.jpeg 768w, https:\/\/sodepal.es\/wp-content\/uploads\/2025\/09\/Encuentro_Atlantico-1536x1184.jpeg 1536w, https:\/\/sodepal.es\/wp-content\/uploads\/2025\/09\/Encuentro_Atlantico-16x12.jpeg 16w, https:\/\/sodepal.es\/wp-content\/uploads\/2025\/09\/Encuentro_Atlantico.jpeg 1600w\" sizes=\"(max-width: 1024px) 100vw, 1024px\" \/>\t\t\t\t\t\t\t\t<\/a>\n\t\t\t\t\t\t\t\t\t\t\t\t\t\t\t<\/div>\n\t\t\t\t<\/div>\n\t\t\t\t<div class=\"elementor-element elementor-element-f6f98f1 elementor-widget elementor-widget-eael-creative-button\" data-id=\"f6f98f1\" data-element_type=\"widget\" data-e-type=\"widget\" data-widget_type=\"eael-creative-button.default\">\n\t\t\t\t<div class=\"elementor-widget-container\">\n\t\t\t\t\t        <div class=\"eael-creative-button-wrapper\">\n\n            <a class=\"eael-creative-button eael-creative-button--ujarak eael-cb-icon-position-left\" href=\"https:\/\/encuentrodelatlantico.com\/\" target=\"_blank\" data-text=\"\">\n            \t    \n                <div class=\"creative-button-inner\">\n\n                                            <span class=\"eael-creative-button-icon-left\"><i aria-hidden=\"true\" class=\"fas fa-plus\"><\/i><\/span>                    \n                    <span class=\"cretive-button-text\">Information<\/span>\n\n                                    <\/div>\n\t                        <\/a>\n        <\/div>\n        \t\t\t\t<\/div>\n\t\t\t\t<\/div>\n\t\t\t\t\t<\/div>\n\t\t<\/div>\n\t\t\t\t\t<\/div>\n\t\t<\/section>\n\t\t\t\t<\/div>","protected":false},"featured_media":25067,"template":"","meta":{"_acf_changed":false},"categoria-eventos":[67],"class_list":["post-25065","evento","type-evento","status-publish","has-post-thumbnail","hentry","categoria-eventos-sodepal"],"acf":[],"yoast_head":"<!-- This site is optimized with the Yoast SEO Premium plugin v22.0 (Yoast SEO v27.4) - https:\/\/yoast.com\/product\/yoast-seo-premium-wordpress\/ -->\n<title>Encuentro del Atlatinco - Sociedad de Promoci\u00f3n y Desarrollo Econ\u00f3mico y Social de La Palma - SODEPAL<\/title>\n<meta name=\"description\" content=\"Agenda de eventos desarrollados por Sodepal\" \/>\n<meta name=\"robots\" content=\"index, follow, max-snippet:-1, max-image-preview:large, max-video-preview:-1\" \/>\n<link rel=\"canonical\" href=\"https:\/\/sodepal.es\/en\/evento\/encuentro-del-atlatinco\/\" \/>\n<meta property=\"og:locale\" content=\"en_GB\" \/>\n<meta property=\"og:type\" content=\"article\" \/>\n<meta property=\"og:title\" content=\"Encuentro del Atlatinco\" \/>\n<meta property=\"og:description\" content=\"Agenda de eventos desarrollados por Sodepal\" \/>\n<meta property=\"og:url\" content=\"https:\/\/sodepal.es\/en\/evento\/encuentro-del-atlatinco\/\" \/>\n<meta property=\"og:site_name\" content=\"Sociedad de Promoci\u00f3n y Desarrollo Econ\u00f3mico y Social de La Palma - SODEPAL\" \/>\n<meta property=\"article:publisher\" content=\"https:\/\/www.facebook.com\/sodepal\" \/>\n<meta property=\"article:modified_time\" content=\"2025-09-08T09:19:04+00:00\" \/>\n<meta property=\"og:image\" content=\"https:\/\/sodepal.es\/wp-content\/uploads\/2025\/09\/Encuentro_Atlantico_eventos.jpg\" \/>\n\t<meta property=\"og:image:width\" content=\"768\" \/>\n\t<meta property=\"og:image:height\" content=\"960\" \/>\n\t<meta property=\"og:image:type\" content=\"image\/jpeg\" \/>\n<meta name=\"twitter:card\" content=\"summary_large_image\" \/>\n<script type=\"application\/ld+json\" class=\"yoast-schema-graph\">{\"@context\":\"https:\\\/\\\/schema.org\",\"@graph\":[{\"@type\":\"WebPage\",\"@id\":\"https:\\\/\\\/sodepal.es\\\/evento\\\/encuentro-del-atlatinco\\\/\",\"url\":\"https:\\\/\\\/sodepal.es\\\/evento\\\/encuentro-del-atlatinco\\\/\",\"name\":\"Encuentro del Atlatinco - Sociedad de Promoci\u00f3n y Desarrollo Econ\u00f3mico y Social de La Palma - SODEPAL\",\"isPartOf\":{\"@id\":\"https:\\\/\\\/sodepal.es\\\/#website\"},\"primaryImageOfPage\":{\"@id\":\"https:\\\/\\\/sodepal.es\\\/evento\\\/encuentro-del-atlatinco\\\/#primaryimage\"},\"image\":{\"@id\":\"https:\\\/\\\/sodepal.es\\\/evento\\\/encuentro-del-atlatinco\\\/#primaryimage\"},\"thumbnailUrl\":\"https:\\\/\\\/sodepal.es\\\/wp-content\\\/uploads\\\/2025\\\/09\\\/Encuentro_Atlantico_eventos.jpg\",\"datePublished\":\"2025-09-08T09:11:56+00:00\",\"dateModified\":\"2025-09-08T09:19:04+00:00\",\"description\":\"Agenda de eventos desarrollados por Sodepal\",\"breadcrumb\":{\"@id\":\"https:\\\/\\\/sodepal.es\\\/evento\\\/encuentro-del-atlatinco\\\/#breadcrumb\"},\"inLanguage\":\"en-GB\",\"potentialAction\":[{\"@type\":\"ReadAction\",\"target\":[\"https:\\\/\\\/sodepal.es\\\/evento\\\/encuentro-del-atlatinco\\\/\"]}]},{\"@type\":\"ImageObject\",\"inLanguage\":\"en-GB\",\"@id\":\"https:\\\/\\\/sodepal.es\\\/evento\\\/encuentro-del-atlatinco\\\/#primaryimage\",\"url\":\"https:\\\/\\\/sodepal.es\\\/wp-content\\\/uploads\\\/2025\\\/09\\\/Encuentro_Atlantico_eventos.jpg\",\"contentUrl\":\"https:\\\/\\\/sodepal.es\\\/wp-content\\\/uploads\\\/2025\\\/09\\\/Encuentro_Atlantico_eventos.jpg\",\"width\":768,\"height\":960},{\"@type\":\"BreadcrumbList\",\"@id\":\"https:\\\/\\\/sodepal.es\\\/evento\\\/encuentro-del-atlatinco\\\/#breadcrumb\",\"itemListElement\":[{\"@type\":\"ListItem\",\"position\":1,\"name\":\"Inicio\",\"item\":\"https:\\\/\\\/sodepal.es\\\/\"},{\"@type\":\"ListItem\",\"position\":2,\"name\":\"Encuentro del Atlatinco\"}]},{\"@type\":\"WebSite\",\"@id\":\"https:\\\/\\\/sodepal.es\\\/#website\",\"url\":\"https:\\\/\\\/sodepal.es\\\/\",\"name\":\"Sodepal\",\"description\":\"SODEPAL es una empresa p\u00fablica dependiente del Cabildo de La Palma. Promoci\u00f3n, Fomento y Desarrollo para la isla de La Palma\",\"publisher\":{\"@id\":\"https:\\\/\\\/sodepal.es\\\/#organization\"},\"alternateName\":\"Sociedad de Promoci\u00f3n y Desarrollo Econ\u00f3mico y Social de La Palma\",\"potentialAction\":[{\"@type\":\"SearchAction\",\"target\":{\"@type\":\"EntryPoint\",\"urlTemplate\":\"https:\\\/\\\/sodepal.es\\\/?s={search_term_string}\"},\"query-input\":{\"@type\":\"PropertyValueSpecification\",\"valueRequired\":true,\"valueName\":\"search_term_string\"}}],\"inLanguage\":\"en-GB\"},{\"@type\":\"Organization\",\"@id\":\"https:\\\/\\\/sodepal.es\\\/#organization\",\"name\":\"Sociedad de Promoci\u00f3n y Desarrollo Econ\u00f3mico y Social de La Palma\",\"alternateName\":\"Sodepal\",\"url\":\"https:\\\/\\\/sodepal.es\\\/\",\"logo\":{\"@type\":\"ImageObject\",\"inLanguage\":\"en-GB\",\"@id\":\"https:\\\/\\\/sodepal.es\\\/#\\\/schema\\\/logo\\\/image\\\/\",\"url\":\"https:\\\/\\\/sodepal.es\\\/wp-content\\\/uploads\\\/2022\\\/09\\\/logo_web.png\",\"contentUrl\":\"https:\\\/\\\/sodepal.es\\\/wp-content\\\/uploads\\\/2022\\\/09\\\/logo_web.png\",\"width\":658,\"height\":156,\"caption\":\"Sociedad de Promoci\u00f3n y Desarrollo Econ\u00f3mico y Social de La Palma\"},\"image\":{\"@id\":\"https:\\\/\\\/sodepal.es\\\/#\\\/schema\\\/logo\\\/image\\\/\"},\"sameAs\":[\"https:\\\/\\\/www.facebook.com\\\/sodepal\",\"https:\\\/\\\/www.instagram.com\\\/sodepallapalma\\\/\"],\"description\":\"Sociedad de Promoci\u00f3n y Desarrollo econ\u00f3mico y Social de La Palma, empresa p\u00fablica dependiente del Cabildo de La Palma\",\"email\":\"info@sodepal.es\",\"telephone\":\"922417323\",\"legalName\":\"Sociedad de Promoci\u00f3n y Desarrollo Econ\u00f3mico de la isla de La Palma S.A.U.\"}]}<\/script>\n<!-- \/ Yoast SEO Premium plugin. -->","yoast_head_json":{"title":"Encuentro del Atlatinco - Sociedad de Promoci\u00f3n y Desarrollo Econ\u00f3mico y Social de La Palma - SODEPAL","description":"Agenda de eventos desarrollados por Sodepal","robots":{"index":"index","follow":"follow","max-snippet":"max-snippet:-1","max-image-preview":"max-image-preview:large","max-video-preview":"max-video-preview:-1"},"canonical":"https:\/\/sodepal.es\/en\/evento\/encuentro-del-atlatinco\/","og_locale":"en_GB","og_type":"article","og_title":"Encuentro del Atlatinco","og_description":"Agenda de eventos desarrollados por Sodepal","og_url":"https:\/\/sodepal.es\/en\/evento\/encuentro-del-atlatinco\/","og_site_name":"Sociedad de Promoci\u00f3n y Desarrollo Econ\u00f3mico y Social de La Palma - SODEPAL","article_publisher":"https:\/\/www.facebook.com\/sodepal","article_modified_time":"2025-09-08T09:19:04+00:00","og_image":[{"width":768,"height":960,"url":"https:\/\/sodepal.es\/wp-content\/uploads\/2025\/09\/Encuentro_Atlantico_eventos.jpg","type":"image\/jpeg"}],"twitter_card":"summary_large_image","schema":{"@context":"https:\/\/schema.org","@graph":[{"@type":"WebPage","@id":"https:\/\/sodepal.es\/evento\/encuentro-del-atlatinco\/","url":"https:\/\/sodepal.es\/evento\/encuentro-del-atlatinco\/","name":"Encuentro del Atlatinco - Sociedad de Promoci\u00f3n y Desarrollo Econ\u00f3mico y Social de La Palma - SODEPAL","isPartOf":{"@id":"https:\/\/sodepal.es\/#website"},"primaryImageOfPage":{"@id":"https:\/\/sodepal.es\/evento\/encuentro-del-atlatinco\/#primaryimage"},"image":{"@id":"https:\/\/sodepal.es\/evento\/encuentro-del-atlatinco\/#primaryimage"},"thumbnailUrl":"https:\/\/sodepal.es\/wp-content\/uploads\/2025\/09\/Encuentro_Atlantico_eventos.jpg","datePublished":"2025-09-08T09:11:56+00:00","dateModified":"2025-09-08T09:19:04+00:00","description":"Agenda de eventos desarrollados por Sodepal","breadcrumb":{"@id":"https:\/\/sodepal.es\/evento\/encuentro-del-atlatinco\/#breadcrumb"},"inLanguage":"en-GB","potentialAction":[{"@type":"ReadAction","target":["https:\/\/sodepal.es\/evento\/encuentro-del-atlatinco\/"]}]},{"@type":"ImageObject","inLanguage":"en-GB","@id":"https:\/\/sodepal.es\/evento\/encuentro-del-atlatinco\/#primaryimage","url":"https:\/\/sodepal.es\/wp-content\/uploads\/2025\/09\/Encuentro_Atlantico_eventos.jpg","contentUrl":"https:\/\/sodepal.es\/wp-content\/uploads\/2025\/09\/Encuentro_Atlantico_eventos.jpg","width":768,"height":960},{"@type":"BreadcrumbList","@id":"https:\/\/sodepal.es\/evento\/encuentro-del-atlatinco\/#breadcrumb","itemListElement":[{"@type":"ListItem","position":1,"name":"Inicio","item":"https:\/\/sodepal.es\/"},{"@type":"ListItem","position":2,"name":"Encuentro del Atlatinco"}]},{"@type":"WebSite","@id":"https:\/\/sodepal.es\/#website","url":"https:\/\/sodepal.es\/","name":"Sodepal","description":"SODEPAL es una empresa p\u00fablica dependiente del Cabildo de La Palma. Promoci\u00f3n, Fomento y Desarrollo para la isla de La Palma","publisher":{"@id":"https:\/\/sodepal.es\/#organization"},"alternateName":"Sociedad de Promoci\u00f3n y Desarrollo Econ\u00f3mico y Social de La Palma","potentialAction":[{"@type":"SearchAction","target":{"@type":"EntryPoint","urlTemplate":"https:\/\/sodepal.es\/?s={search_term_string}"},"query-input":{"@type":"PropertyValueSpecification","valueRequired":true,"valueName":"search_term_string"}}],"inLanguage":"en-GB"},{"@type":"Organization","@id":"https:\/\/sodepal.es\/#organization","name":"Sociedad de Promoci\u00f3n y Desarrollo Econ\u00f3mico y Social de La Palma","alternateName":"Sodepal","url":"https:\/\/sodepal.es\/","logo":{"@type":"ImageObject","inLanguage":"en-GB","@id":"https:\/\/sodepal.es\/#\/schema\/logo\/image\/","url":"https:\/\/sodepal.es\/wp-content\/uploads\/2022\/09\/logo_web.png","contentUrl":"https:\/\/sodepal.es\/wp-content\/uploads\/2022\/09\/logo_web.png","width":658,"height":156,"caption":"Sociedad de Promoci\u00f3n y Desarrollo Econ\u00f3mico y Social de La Palma"},"image":{"@id":"https:\/\/sodepal.es\/#\/schema\/logo\/image\/"},"sameAs":["https:\/\/www.facebook.com\/sodepal","https:\/\/www.instagram.com\/sodepallapalma\/"],"description":"Sociedad de Promoci\u00f3n y Desarrollo econ\u00f3mico y Social de La Palma, empresa p\u00fablica dependiente del Cabildo de La Palma","email":"info@sodepal.es","telephone":"922417323","legalName":"Sociedad de Promoci\u00f3n y Desarrollo Econ\u00f3mico de la isla de La Palma S.A.U."}]}},"_links":{"self":[{"href":"https:\/\/sodepal.es\/en\/wp-json\/wp\/v2\/evento\/25065","targetHints":{"allow":["GET"]}}],"collection":[{"href":"https:\/\/sodepal.es\/en\/wp-json\/wp\/v2\/evento"}],"about":[{"href":"https:\/\/sodepal.es\/en\/wp-json\/wp\/v2\/types\/evento"}],"version-history":[{"count":0,"href":"https:\/\/sodepal.es\/en\/wp-json\/wp\/v2\/evento\/25065\/revisions"}],"wp:featuredmedia":[{"embeddable":true,"href":"https:\/\/sodepal.es\/en\/wp-json\/wp\/v2\/media\/25067"}],"wp:attachment":[{"href":"https:\/\/sodepal.es\/en\/wp-json\/wp\/v2\/media?parent=25065"}],"wp:term":[{"taxonomy":"categoria-eventos","embeddable":true,"href":"https:\/\/sodepal.es\/en\/wp-json\/wp\/v2\/categoria-eventos?post=25065"}],"curies":[{"name":"wp","href":"https:\/\/api.w.org\/{rel}","templated":true}]}}