{"id":25885,"date":"2026-01-28T09:48:52","date_gmt":"2026-01-28T09:48:52","guid":{"rendered":"https:\/\/sodepal.es\/?post_type=evento&#038;p=25885"},"modified":"2026-01-28T12:22:02","modified_gmt":"2026-01-28T12:22:02","slug":"bono-bonito","status":"publish","type":"evento","link":"https:\/\/sodepal.es\/en\/evento\/bono-bonito\/","title":{"rendered":"Bono Bonito"},"content":{"rendered":"<div data-elementor-type=\"wp-post\" data-elementor-id=\"25885\" class=\"elementor elementor-25885\" data-elementor-post-type=\"evento\">\n\t\t\t\t\t\t<section class=\"elementor-section elementor-top-section elementor-element elementor-element-6f8fabf elementor-section-boxed elementor-section-height-default elementor-section-height-default\" data-id=\"6f8fabf\" data-element_type=\"section\" data-e-type=\"section\">\n\t\t\t\t\t\t<div class=\"elementor-container elementor-column-gap-default\">\n\t\t\t\t\t<div class=\"elementor-column elementor-col-100 elementor-top-column elementor-element elementor-element-cebc6d3\" data-id=\"cebc6d3\" data-element_type=\"column\" data-e-type=\"column\">\n\t\t\t<div class=\"elementor-widget-wrap elementor-element-populated\">\n\t\t\t\t\t\t<div class=\"elementor-element elementor-element-420d79c elementor-widget elementor-widget-text-editor\" data-id=\"420d79c\" data-element_type=\"widget\" data-e-type=\"widget\" data-widget_type=\"text-editor.default\">\n\t\t\t\t<div class=\"elementor-widget-container\">\n\t\t\t\t\t\t\t\t\t<div data-id=\"02e050b\" data-element_type=\"widget\" data-widget_type=\"text-editor.default\">\n<div class=\"x11i5rnm xat24cr x1mh8g0r x1vvkbs xtlvy1s x126k92a\">\n<div dir=\"auto\">\n<p>El Cabildo de La Palma, a trav\u00e9s de la empresa p\u00fablica Sodepal, pone en marcha una nueva edici\u00f3n del Bono Bonito, una iniciativa destinada a incentivar el consumo en el comercio local y a fortalecer el tejido empresarial de la isla. La campa\u00f1a permitir\u00e1 generar un movimiento econ\u00f3mico estimado de 180.000 euros, una vez se complete la adquisici\u00f3n del total de los 9.000 bonos que se pondr\u00e1n a disposici\u00f3n de la ciudadan\u00eda para su canje en establecimientos adheridos de La Palma.<\/p>\n<p>A partir del pr\u00f3ximo 28 de enero, y hasta el 31 de marzo,fecha en la que concluye la campa\u00f1a, los comercios interesados podr\u00e1n adherirse a la misma a trav\u00e9s de la web oficial\u00a0<a href=\"https:\/\/www.bonobonito.com\/\" target=\"_blank\" rel=\"noopener\">www.bonobonito.com<\/a>, dando inicio al desarrollo de esta nueva edici\u00f3n.<\/p>\n<\/div>\n<\/div>\n<\/div>\t\t\t\t\t\t\t\t<\/div>\n\t\t\t\t<\/div>\n\t\t\t\t<div class=\"elementor-element elementor-element-27e58d5 elementor-widget elementor-widget-eael-creative-button\" data-id=\"27e58d5\" data-element_type=\"widget\" data-e-type=\"widget\" data-widget_type=\"eael-creative-button.default\">\n\t\t\t\t<div class=\"elementor-widget-container\">\n\t\t\t\t\t        <div class=\"eael-creative-button-wrapper\">\n\n            <a class=\"eael-creative-button eael-creative-button--ujarak eael-cb-icon-position-\" href=\"https:\/\/www.bonobonito.com\/\" target=\"_blank\" data-text=\"\">\n            \t    \n                <div class=\"creative-button-inner\">\n\n                    \n                    <span class=\"cretive-button-text\">+ informaci\u00f3n en bonobonito.com<\/span>\n\n                                    <\/div>\n\t                        <\/a>\n        <\/div>\n        \t\t\t\t<\/div>\n\t\t\t\t<\/div>\n\t\t\t\t\t<\/div>\n\t\t<\/div>\n\t\t\t\t\t<\/div>\n\t\t<\/section>\n\t\t\t\t<\/div>","protected":false},"featured_media":25904,"template":"","meta":{"_acf_changed":false},"categoria-eventos":[67],"class_list":["post-25885","evento","type-evento","status-publish","has-post-thumbnail","hentry","categoria-eventos-sodepal"],"acf":[],"yoast_head":"<!-- This site is optimized with the Yoast SEO Premium plugin v22.0 (Yoast SEO v27.4) - https:\/\/yoast.com\/product\/yoast-seo-premium-wordpress\/ -->\n<title>Bono Bonito - Sociedad de Promoci\u00f3n y Desarrollo Econ\u00f3mico y Social de La Palma - SODEPAL<\/title>\n<meta name=\"description\" content=\"Agenda de eventos desarrollados por Sodepal\" \/>\n<meta name=\"robots\" content=\"index, follow, max-snippet:-1, max-image-preview:large, max-video-preview:-1\" \/>\n<link rel=\"canonical\" href=\"https:\/\/sodepal.es\/en\/evento\/bono-bonito\/\" \/>\n<meta property=\"og:locale\" content=\"en_GB\" \/>\n<meta property=\"og:type\" content=\"article\" \/>\n<meta property=\"og:title\" content=\"Bono Bonito\" \/>\n<meta property=\"og:description\" content=\"Agenda de eventos desarrollados por Sodepal\" \/>\n<meta property=\"og:url\" content=\"https:\/\/sodepal.es\/en\/evento\/bono-bonito\/\" \/>\n<meta property=\"og:site_name\" content=\"Sociedad de Promoci\u00f3n y Desarrollo Econ\u00f3mico y Social de La Palma - SODEPAL\" \/>\n<meta property=\"article:publisher\" content=\"https:\/\/www.facebook.com\/sodepal\" \/>\n<meta property=\"article:modified_time\" content=\"2026-01-28T12:22:02+00:00\" \/>\n<meta property=\"og:image\" content=\"https:\/\/sodepal.es\/wp-content\/uploads\/2026\/01\/bono_bonito_evento.jpg\" \/>\n\t<meta property=\"og:image:width\" content=\"1024\" \/>\n\t<meta property=\"og:image:height\" content=\"1024\" \/>\n\t<meta property=\"og:image:type\" content=\"image\/jpeg\" \/>\n<meta name=\"twitter:card\" content=\"summary_large_image\" \/>\n<script type=\"application\/ld+json\" class=\"yoast-schema-graph\">{\"@context\":\"https:\\\/\\\/schema.org\",\"@graph\":[{\"@type\":\"WebPage\",\"@id\":\"https:\\\/\\\/sodepal.es\\\/evento\\\/bono-bonito\\\/\",\"url\":\"https:\\\/\\\/sodepal.es\\\/evento\\\/bono-bonito\\\/\",\"name\":\"Bono Bonito - Sociedad de Promoci\u00f3n y Desarrollo Econ\u00f3mico y Social de La Palma - SODEPAL\",\"isPartOf\":{\"@id\":\"https:\\\/\\\/sodepal.es\\\/#website\"},\"primaryImageOfPage\":{\"@id\":\"https:\\\/\\\/sodepal.es\\\/evento\\\/bono-bonito\\\/#primaryimage\"},\"image\":{\"@id\":\"https:\\\/\\\/sodepal.es\\\/evento\\\/bono-bonito\\\/#primaryimage\"},\"thumbnailUrl\":\"https:\\\/\\\/sodepal.es\\\/wp-content\\\/uploads\\\/2026\\\/01\\\/bono_bonito_evento.jpg\",\"datePublished\":\"2026-01-28T09:48:52+00:00\",\"dateModified\":\"2026-01-28T12:22:02+00:00\",\"description\":\"Agenda de eventos desarrollados por Sodepal\",\"breadcrumb\":{\"@id\":\"https:\\\/\\\/sodepal.es\\\/evento\\\/bono-bonito\\\/#breadcrumb\"},\"inLanguage\":\"en-GB\",\"potentialAction\":[{\"@type\":\"ReadAction\",\"target\":[\"https:\\\/\\\/sodepal.es\\\/evento\\\/bono-bonito\\\/\"]}]},{\"@type\":\"ImageObject\",\"inLanguage\":\"en-GB\",\"@id\":\"https:\\\/\\\/sodepal.es\\\/evento\\\/bono-bonito\\\/#primaryimage\",\"url\":\"https:\\\/\\\/sodepal.es\\\/wp-content\\\/uploads\\\/2026\\\/01\\\/bono_bonito_evento.jpg\",\"contentUrl\":\"https:\\\/\\\/sodepal.es\\\/wp-content\\\/uploads\\\/2026\\\/01\\\/bono_bonito_evento.jpg\",\"width\":1024,\"height\":1024},{\"@type\":\"BreadcrumbList\",\"@id\":\"https:\\\/\\\/sodepal.es\\\/evento\\\/bono-bonito\\\/#breadcrumb\",\"itemListElement\":[{\"@type\":\"ListItem\",\"position\":1,\"name\":\"Inicio\",\"item\":\"https:\\\/\\\/sodepal.es\\\/\"},{\"@type\":\"ListItem\",\"position\":2,\"name\":\"Bono Bonito\"}]},{\"@type\":\"WebSite\",\"@id\":\"https:\\\/\\\/sodepal.es\\\/#website\",\"url\":\"https:\\\/\\\/sodepal.es\\\/\",\"name\":\"Sodepal\",\"description\":\"SODEPAL es una empresa p\u00fablica dependiente del Cabildo de La Palma. Promoci\u00f3n, Fomento y Desarrollo para la isla de La Palma\",\"publisher\":{\"@id\":\"https:\\\/\\\/sodepal.es\\\/#organization\"},\"alternateName\":\"Sociedad de Promoci\u00f3n y Desarrollo Econ\u00f3mico y Social de La Palma\",\"potentialAction\":[{\"@type\":\"SearchAction\",\"target\":{\"@type\":\"EntryPoint\",\"urlTemplate\":\"https:\\\/\\\/sodepal.es\\\/?s={search_term_string}\"},\"query-input\":{\"@type\":\"PropertyValueSpecification\",\"valueRequired\":true,\"valueName\":\"search_term_string\"}}],\"inLanguage\":\"en-GB\"},{\"@type\":\"Organization\",\"@id\":\"https:\\\/\\\/sodepal.es\\\/#organization\",\"name\":\"Sociedad de Promoci\u00f3n y Desarrollo Econ\u00f3mico y Social de La Palma\",\"alternateName\":\"Sodepal\",\"url\":\"https:\\\/\\\/sodepal.es\\\/\",\"logo\":{\"@type\":\"ImageObject\",\"inLanguage\":\"en-GB\",\"@id\":\"https:\\\/\\\/sodepal.es\\\/#\\\/schema\\\/logo\\\/image\\\/\",\"url\":\"https:\\\/\\\/sodepal.es\\\/wp-content\\\/uploads\\\/2022\\\/09\\\/logo_web.png\",\"contentUrl\":\"https:\\\/\\\/sodepal.es\\\/wp-content\\\/uploads\\\/2022\\\/09\\\/logo_web.png\",\"width\":658,\"height\":156,\"caption\":\"Sociedad de Promoci\u00f3n y Desarrollo Econ\u00f3mico y Social de La Palma\"},\"image\":{\"@id\":\"https:\\\/\\\/sodepal.es\\\/#\\\/schema\\\/logo\\\/image\\\/\"},\"sameAs\":[\"https:\\\/\\\/www.facebook.com\\\/sodepal\",\"https:\\\/\\\/www.instagram.com\\\/sodepallapalma\\\/\"],\"description\":\"Sociedad de Promoci\u00f3n y Desarrollo econ\u00f3mico y Social de La Palma, empresa p\u00fablica dependiente del Cabildo de La Palma\",\"email\":\"info@sodepal.es\",\"telephone\":\"922417323\",\"legalName\":\"Sociedad de Promoci\u00f3n y Desarrollo Econ\u00f3mico de la isla de La Palma S.A.U.\"}]}<\/script>\n<!-- \/ Yoast SEO Premium plugin. -->","yoast_head_json":{"title":"Bono Bonito - Sociedad de Promoci\u00f3n y Desarrollo Econ\u00f3mico y Social de La Palma - SODEPAL","description":"Agenda de eventos desarrollados por Sodepal","robots":{"index":"index","follow":"follow","max-snippet":"max-snippet:-1","max-image-preview":"max-image-preview:large","max-video-preview":"max-video-preview:-1"},"canonical":"https:\/\/sodepal.es\/en\/evento\/bono-bonito\/","og_locale":"en_GB","og_type":"article","og_title":"Bono Bonito","og_description":"Agenda de eventos desarrollados por Sodepal","og_url":"https:\/\/sodepal.es\/en\/evento\/bono-bonito\/","og_site_name":"Sociedad de Promoci\u00f3n y Desarrollo Econ\u00f3mico y Social de La Palma - SODEPAL","article_publisher":"https:\/\/www.facebook.com\/sodepal","article_modified_time":"2026-01-28T12:22:02+00:00","og_image":[{"width":1024,"height":1024,"url":"https:\/\/sodepal.es\/wp-content\/uploads\/2026\/01\/bono_bonito_evento.jpg","type":"image\/jpeg"}],"twitter_card":"summary_large_image","schema":{"@context":"https:\/\/schema.org","@graph":[{"@type":"WebPage","@id":"https:\/\/sodepal.es\/evento\/bono-bonito\/","url":"https:\/\/sodepal.es\/evento\/bono-bonito\/","name":"Bono Bonito - Sociedad de Promoci\u00f3n y Desarrollo Econ\u00f3mico y Social de La Palma - SODEPAL","isPartOf":{"@id":"https:\/\/sodepal.es\/#website"},"primaryImageOfPage":{"@id":"https:\/\/sodepal.es\/evento\/bono-bonito\/#primaryimage"},"image":{"@id":"https:\/\/sodepal.es\/evento\/bono-bonito\/#primaryimage"},"thumbnailUrl":"https:\/\/sodepal.es\/wp-content\/uploads\/2026\/01\/bono_bonito_evento.jpg","datePublished":"2026-01-28T09:48:52+00:00","dateModified":"2026-01-28T12:22:02+00:00","description":"Agenda de eventos desarrollados por Sodepal","breadcrumb":{"@id":"https:\/\/sodepal.es\/evento\/bono-bonito\/#breadcrumb"},"inLanguage":"en-GB","potentialAction":[{"@type":"ReadAction","target":["https:\/\/sodepal.es\/evento\/bono-bonito\/"]}]},{"@type":"ImageObject","inLanguage":"en-GB","@id":"https:\/\/sodepal.es\/evento\/bono-bonito\/#primaryimage","url":"https:\/\/sodepal.es\/wp-content\/uploads\/2026\/01\/bono_bonito_evento.jpg","contentUrl":"https:\/\/sodepal.es\/wp-content\/uploads\/2026\/01\/bono_bonito_evento.jpg","width":1024,"height":1024},{"@type":"BreadcrumbList","@id":"https:\/\/sodepal.es\/evento\/bono-bonito\/#breadcrumb","itemListElement":[{"@type":"ListItem","position":1,"name":"Inicio","item":"https:\/\/sodepal.es\/"},{"@type":"ListItem","position":2,"name":"Bono Bonito"}]},{"@type":"WebSite","@id":"https:\/\/sodepal.es\/#website","url":"https:\/\/sodepal.es\/","name":"Sodepal","description":"SODEPAL es una empresa p\u00fablica dependiente del Cabildo de La Palma. Promoci\u00f3n, Fomento y Desarrollo para la isla de La Palma","publisher":{"@id":"https:\/\/sodepal.es\/#organization"},"alternateName":"Sociedad de Promoci\u00f3n y Desarrollo Econ\u00f3mico y Social de La Palma","potentialAction":[{"@type":"SearchAction","target":{"@type":"EntryPoint","urlTemplate":"https:\/\/sodepal.es\/?s={search_term_string}"},"query-input":{"@type":"PropertyValueSpecification","valueRequired":true,"valueName":"search_term_string"}}],"inLanguage":"en-GB"},{"@type":"Organization","@id":"https:\/\/sodepal.es\/#organization","name":"Sociedad de Promoci\u00f3n y Desarrollo Econ\u00f3mico y Social de La Palma","alternateName":"Sodepal","url":"https:\/\/sodepal.es\/","logo":{"@type":"ImageObject","inLanguage":"en-GB","@id":"https:\/\/sodepal.es\/#\/schema\/logo\/image\/","url":"https:\/\/sodepal.es\/wp-content\/uploads\/2022\/09\/logo_web.png","contentUrl":"https:\/\/sodepal.es\/wp-content\/uploads\/2022\/09\/logo_web.png","width":658,"height":156,"caption":"Sociedad de Promoci\u00f3n y Desarrollo Econ\u00f3mico y Social de La Palma"},"image":{"@id":"https:\/\/sodepal.es\/#\/schema\/logo\/image\/"},"sameAs":["https:\/\/www.facebook.com\/sodepal","https:\/\/www.instagram.com\/sodepallapalma\/"],"description":"Sociedad de Promoci\u00f3n y Desarrollo econ\u00f3mico y Social de La Palma, empresa p\u00fablica dependiente del Cabildo de La Palma","email":"info@sodepal.es","telephone":"922417323","legalName":"Sociedad de Promoci\u00f3n y Desarrollo Econ\u00f3mico de la isla de La Palma S.A.U."}]}},"_links":{"self":[{"href":"https:\/\/sodepal.es\/en\/wp-json\/wp\/v2\/evento\/25885","targetHints":{"allow":["GET"]}}],"collection":[{"href":"https:\/\/sodepal.es\/en\/wp-json\/wp\/v2\/evento"}],"about":[{"href":"https:\/\/sodepal.es\/en\/wp-json\/wp\/v2\/types\/evento"}],"version-history":[{"count":11,"href":"https:\/\/sodepal.es\/en\/wp-json\/wp\/v2\/evento\/25885\/revisions"}],"predecessor-version":[{"id":25907,"href":"https:\/\/sodepal.es\/en\/wp-json\/wp\/v2\/evento\/25885\/revisions\/25907"}],"wp:featuredmedia":[{"embeddable":true,"href":"https:\/\/sodepal.es\/en\/wp-json\/wp\/v2\/media\/25904"}],"wp:attachment":[{"href":"https:\/\/sodepal.es\/en\/wp-json\/wp\/v2\/media?parent=25885"}],"wp:term":[{"taxonomy":"categoria-eventos","embeddable":true,"href":"https:\/\/sodepal.es\/en\/wp-json\/wp\/v2\/categoria-eventos?post=25885"}],"curies":[{"name":"wp","href":"https:\/\/api.w.org\/{rel}","templated":true}]}}