{"id":27017,"date":"2026-09-02T11:01:44","date_gmt":"2026-09-02T11:01:44","guid":{"rendered":"https:\/\/sodepal.es\/?post_type=evento&#038;p=27017"},"modified":"2026-09-02T11:05:17","modified_gmt":"2026-09-02T11:05:17","slug":"la-palma-fashion-week-2026","status":"publish","type":"evento","link":"https:\/\/sodepal.es\/en\/evento\/la-palma-fashion-week-2026\/","title":{"rendered":"La Palma Fashion Week 2026"},"content":{"rendered":"<div data-elementor-type=\"wp-post\" data-elementor-id=\"27017\" class=\"elementor elementor-27017\" data-elementor-post-type=\"evento\">\n\t\t\t\t\t\t<section class=\"elementor-section elementor-top-section elementor-element elementor-element-6f8fabf elementor-section-boxed elementor-section-height-default elementor-section-height-default\" data-id=\"6f8fabf\" data-element_type=\"section\" data-e-type=\"section\">\n\t\t\t\t\t\t<div class=\"elementor-container elementor-column-gap-default\">\n\t\t\t\t\t<div class=\"elementor-column elementor-col-100 elementor-top-column elementor-element elementor-element-cebc6d3\" data-id=\"cebc6d3\" data-element_type=\"column\" data-e-type=\"column\">\n\t\t\t<div class=\"elementor-widget-wrap elementor-element-populated\">\n\t\t\t\t\t\t<div class=\"elementor-element elementor-element-420d79c elementor-widget elementor-widget-text-editor\" data-id=\"420d79c\" data-element_type=\"widget\" data-e-type=\"widget\" data-widget_type=\"text-editor.default\">\n\t\t\t\t<div class=\"elementor-widget-container\">\n\t\t\t\t\t\t\t\t\t<div data-id=\"02e050b\" data-element_type=\"widget\" data-widget_type=\"text-editor.default\"><div dir=\"auto\"><div class=\"field field--name-field-noticias-entradilla field--type-text-long field--label-hidden field--item\"><div class=\"field field--name-field-noticias-entradilla field--type-text-long field--label-hidden field--item\"><div class=\"field field--name-field-noticias-entradilla field--type-text-long field--label-hidden field--item\"><div class=\"field field--name-field-noticias-entradilla field--type-text-long field--label-hidden field--item\"><div class=\"field field--name-field-noticias-entradilla field--type-text-long field--label-hidden field--item\"><div class=\"field field--name-field-noticias-entradilla field--type-text-long field--label-hidden field--item\"><h4>La Semana de la Moda de La Palma reunir\u00e1 los d\u00edas 2 y 3 de octubre en el Museo Arqueol\u00f3gico Benahoarita de Los Llanos de Aridane a las firmas de Isla Bonita Moda junto a dise\u00f1adores procedentes de otroscolectivos de moda de Canarias y de Adlib Ibiza.<\/h4><\/div><div class=\"field field--name-body field--type-text-with-summary field--label-hidden field--item\"><p>La Palma volver\u00e1 a convertirse en octubre en punto de encuentro para la moda de autor, la creatividad y el talento con la celebraci\u00f3n de una nueva edici\u00f3n de\u00a0La Palma Fashion Week, Semana de la Moda de La Palma, una grancelebraci\u00f3n impulsada por\u00a0Isla Bonita Moda, sello de garant\u00eda de calidad que impulsa el sector creativo vinculado ala moda en la isla de La Palma, promovido por el Cabildo Insular de La Palma a trav\u00e9s de Sodepal.<\/p><p>Bajo el lema\u00a0\u201cLa belleza florece sin l\u00edmites\u201d, la edici\u00f3n 2026 propone una oda a la moda y a la belleza como herramientas de\u00a0autoexpresi\u00f3n, identidad y libertad, reivindicando la capacidad de la creaci\u00f3n para trascender l\u00edmites y convertirse en una forma de comunicaci\u00f3n personal y colectiva.<\/p><p>Durante dos jornadas, los d\u00edas\u00a02 y 3 de octubre, el\u00a0Museo Arqueol\u00f3gico Benahoarita de Los Llanos de Aridane\u00a0acoger\u00e1 una programaci\u00f3n dedicada a la moda de autor en diferentes formatos, con nuevas propuestas sobre la pasarela y espacios expositivos que permitir\u00e1n descubrir el talento creativo vinculado al ecosistema de moda de LaPalma.<\/p><\/div><\/div><\/div><\/div><\/div><\/div><\/div><\/div>\t\t\t\t\t\t\t\t<\/div>\n\t\t\t\t<\/div>\n\t\t\t\t<div class=\"elementor-element elementor-element-2974295 elementor-widget elementor-widget-eael-creative-button\" data-id=\"2974295\" data-element_type=\"widget\" data-e-type=\"widget\" data-widget_type=\"eael-creative-button.default\">\n\t\t\t\t<div class=\"elementor-widget-container\">\n\t\t\t\t\t        <div class=\"eael-creative-button-wrapper\">\n\n            <a class=\"eael-creative-button eael-creative-button--ujarak eael-cb-icon-position-left\" href=\"https:\/\/islabonitamoda.es\/\" target=\"_blank\" data-text=\"informaci\u00f3n\">\n            \t    \n                <div class=\"creative-button-inner\">\n\n                                            <span class=\"eael-creative-button-icon-left\"><i aria-hidden=\"true\" class=\"fas fa-plus-circle\"><\/i><\/span>                    \n                    <span class=\"cretive-button-text\">information<\/span>\n\n                                    <\/div>\n\t                        <\/a>\n        <\/div>\n        \t\t\t\t<\/div>\n\t\t\t\t<\/div>\n\t\t\t\t\t<\/div>\n\t\t<\/div>\n\t\t\t\t\t<\/div>\n\t\t<\/section>\n\t\t\t\t<\/div>","protected":false},"featured_media":27006,"template":"","meta":{"_acf_changed":false},"categoria-eventos":[67],"class_list":["post-27017","evento","type-evento","status-publish","has-post-thumbnail","hentry","categoria-eventos-sodepal"],"acf":[],"yoast_head":"<!-- This site is optimized with the Yoast SEO Premium plugin v22.0 (Yoast SEO v28.4) - https:\/\/yoast.com\/product\/yoast-seo-premium-wordpress\/ -->\n<title>La Palma Fashion Week 2026 - Sociedad de Promoci\u00f3n y Desarrollo Econ\u00f3mico y Social de La Palma - SODEPAL<\/title>\n<meta name=\"description\" content=\"Agenda de eventos desarrollados por Sodepal\" \/>\n<meta name=\"robots\" content=\"index, follow, max-snippet:-1, max-image-preview:large, max-video-preview:-1\" \/>\n<link rel=\"canonical\" href=\"https:\/\/sodepal.es\/en\/evento\/la-palma-fashion-week-2026\/\" \/>\n<meta property=\"og:locale\" content=\"en_GB\" \/>\n<meta property=\"og:type\" content=\"article\" \/>\n<meta property=\"og:title\" content=\"La Palma Fashion Week 2026\" \/>\n<meta property=\"og:description\" content=\"Agenda de eventos desarrollados por Sodepal\" \/>\n<meta property=\"og:url\" content=\"https:\/\/sodepal.es\/en\/evento\/la-palma-fashion-week-2026\/\" \/>\n<meta property=\"og:site_name\" content=\"Sociedad de Promoci\u00f3n y Desarrollo Econ\u00f3mico y Social de La Palma - SODEPAL\" \/>\n<meta property=\"article:publisher\" content=\"https:\/\/www.facebook.com\/sodepal\" \/>\n<meta property=\"article:modified_time\" content=\"2026-09-02T11:05:17+00:00\" \/>\n<meta property=\"og:image\" content=\"https:\/\/sodepal.es\/wp-content\/uploads\/2026\/09\/LPFW26.jpg\" \/>\n\t<meta property=\"og:image:width\" content=\"1081\" \/>\n\t<meta property=\"og:image:height\" content=\"1351\" \/>\n\t<meta property=\"og:image:type\" content=\"image\/jpeg\" \/>\n<meta name=\"twitter:card\" content=\"summary_large_image\" \/>\n<script type=\"application\/ld+json\" class=\"yoast-schema-graph\">{\"@context\":\"https:\\\/\\\/schema.org\",\"@graph\":[{\"@type\":\"WebPage\",\"@id\":\"https:\\\/\\\/sodepal.es\\\/evento\\\/la-palma-fashion-week-2026\\\/\",\"url\":\"https:\\\/\\\/sodepal.es\\\/evento\\\/la-palma-fashion-week-2026\\\/\",\"name\":\"La Palma Fashion Week 2026 - Sociedad de Promoci\u00f3n y Desarrollo Econ\u00f3mico y Social de La Palma - SODEPAL\",\"isPartOf\":{\"@id\":\"https:\\\/\\\/sodepal.es\\\/#website\"},\"primaryImageOfPage\":{\"@id\":\"https:\\\/\\\/sodepal.es\\\/evento\\\/la-palma-fashion-week-2026\\\/#primaryimage\"},\"image\":{\"@id\":\"https:\\\/\\\/sodepal.es\\\/evento\\\/la-palma-fashion-week-2026\\\/#primaryimage\"},\"thumbnailUrl\":\"https:\\\/\\\/sodepal.es\\\/wp-content\\\/uploads\\\/2026\\\/09\\\/LPFW26.jpg\",\"datePublished\":\"2026-09-02T11:01:44+00:00\",\"dateModified\":\"2026-09-02T11:05:17+00:00\",\"description\":\"Agenda de eventos desarrollados por Sodepal\",\"breadcrumb\":{\"@id\":\"https:\\\/\\\/sodepal.es\\\/evento\\\/la-palma-fashion-week-2026\\\/#breadcrumb\"},\"inLanguage\":\"en-GB\",\"potentialAction\":[{\"@type\":\"ReadAction\",\"target\":[\"https:\\\/\\\/sodepal.es\\\/evento\\\/la-palma-fashion-week-2026\\\/\"]}]},{\"@type\":\"ImageObject\",\"inLanguage\":\"en-GB\",\"@id\":\"https:\\\/\\\/sodepal.es\\\/evento\\\/la-palma-fashion-week-2026\\\/#primaryimage\",\"url\":\"https:\\\/\\\/sodepal.es\\\/wp-content\\\/uploads\\\/2026\\\/09\\\/LPFW26.jpg\",\"contentUrl\":\"https:\\\/\\\/sodepal.es\\\/wp-content\\\/uploads\\\/2026\\\/09\\\/LPFW26.jpg\",\"width\":1081,\"height\":1351},{\"@type\":\"BreadcrumbList\",\"@id\":\"https:\\\/\\\/sodepal.es\\\/evento\\\/la-palma-fashion-week-2026\\\/#breadcrumb\",\"itemListElement\":[{\"@type\":\"ListItem\",\"position\":1,\"name\":\"Inicio\",\"item\":\"https:\\\/\\\/sodepal.es\\\/\"},{\"@type\":\"ListItem\",\"position\":2,\"name\":\"La Palma Fashion Week 2026\"}]},{\"@type\":\"WebSite\",\"@id\":\"https:\\\/\\\/sodepal.es\\\/#website\",\"url\":\"https:\\\/\\\/sodepal.es\\\/\",\"name\":\"Sodepal\",\"description\":\"SODEPAL es una empresa p\u00fablica dependiente del Cabildo de La Palma. Promoci\u00f3n, Fomento y Desarrollo para la isla de La Palma\",\"publisher\":{\"@id\":\"https:\\\/\\\/sodepal.es\\\/#organization\"},\"alternateName\":\"Sociedad de Promoci\u00f3n y Desarrollo Econ\u00f3mico y Social de La Palma\",\"potentialAction\":[{\"@type\":\"SearchAction\",\"target\":{\"@type\":\"EntryPoint\",\"urlTemplate\":\"https:\\\/\\\/sodepal.es\\\/?s={search_term_string}\"},\"query-input\":{\"@type\":\"PropertyValueSpecification\",\"valueRequired\":true,\"valueName\":\"search_term_string\"}}],\"inLanguage\":\"en-GB\"},{\"@type\":\"Organization\",\"@id\":\"https:\\\/\\\/sodepal.es\\\/#organization\",\"name\":\"Sociedad de Promoci\u00f3n y Desarrollo Econ\u00f3mico y Social de La Palma\",\"alternateName\":\"Sodepal\",\"url\":\"https:\\\/\\\/sodepal.es\\\/\",\"logo\":{\"@type\":\"ImageObject\",\"inLanguage\":\"en-GB\",\"@id\":\"https:\\\/\\\/sodepal.es\\\/#\\\/schema\\\/logo\\\/image\\\/\",\"url\":\"https:\\\/\\\/sodepal.es\\\/wp-content\\\/uploads\\\/2022\\\/09\\\/logo_web.png\",\"contentUrl\":\"https:\\\/\\\/sodepal.es\\\/wp-content\\\/uploads\\\/2022\\\/09\\\/logo_web.png\",\"width\":658,\"height\":156,\"caption\":\"Sociedad de Promoci\u00f3n y Desarrollo Econ\u00f3mico y Social de La Palma\"},\"image\":{\"@id\":\"https:\\\/\\\/sodepal.es\\\/#\\\/schema\\\/logo\\\/image\\\/\"},\"sameAs\":[\"https:\\\/\\\/www.facebook.com\\\/sodepal\",\"https:\\\/\\\/www.instagram.com\\\/sodepallapalma\\\/\"],\"description\":\"Sociedad de Promoci\u00f3n y Desarrollo econ\u00f3mico y Social de La Palma, empresa p\u00fablica dependiente del Cabildo de La Palma\",\"email\":\"info@sodepal.es\",\"telephone\":\"922417323\",\"legalName\":\"Sociedad de Promoci\u00f3n y Desarrollo Econ\u00f3mico de la isla de La Palma S.A.U.\"}]}<\/script>\n<!-- \/ Yoast SEO Premium plugin. -->","yoast_head_json":{"title":"La Palma Fashion Week 2026 - Sociedad de Promoci\u00f3n y Desarrollo Econ\u00f3mico y Social de La Palma - SODEPAL","description":"Agenda de eventos desarrollados por Sodepal","robots":{"index":"index","follow":"follow","max-snippet":"max-snippet:-1","max-image-preview":"max-image-preview:large","max-video-preview":"max-video-preview:-1"},"canonical":"https:\/\/sodepal.es\/en\/evento\/la-palma-fashion-week-2026\/","og_locale":"en_GB","og_type":"article","og_title":"La Palma Fashion Week 2026","og_description":"Agenda de eventos desarrollados por Sodepal","og_url":"https:\/\/sodepal.es\/en\/evento\/la-palma-fashion-week-2026\/","og_site_name":"Sociedad de Promoci\u00f3n y Desarrollo Econ\u00f3mico y Social de La Palma - SODEPAL","article_publisher":"https:\/\/www.facebook.com\/sodepal","article_modified_time":"2026-09-02T11:05:17+00:00","og_image":[{"width":1081,"height":1351,"url":"https:\/\/sodepal.es\/wp-content\/uploads\/2026\/09\/LPFW26.jpg","type":"image\/jpeg"}],"twitter_card":"summary_large_image","schema":{"@context":"https:\/\/schema.org","@graph":[{"@type":"WebPage","@id":"https:\/\/sodepal.es\/evento\/la-palma-fashion-week-2026\/","url":"https:\/\/sodepal.es\/evento\/la-palma-fashion-week-2026\/","name":"La Palma Fashion Week 2026 - Sociedad de Promoci\u00f3n y Desarrollo Econ\u00f3mico y Social de La Palma - SODEPAL","isPartOf":{"@id":"https:\/\/sodepal.es\/#website"},"primaryImageOfPage":{"@id":"https:\/\/sodepal.es\/evento\/la-palma-fashion-week-2026\/#primaryimage"},"image":{"@id":"https:\/\/sodepal.es\/evento\/la-palma-fashion-week-2026\/#primaryimage"},"thumbnailUrl":"https:\/\/sodepal.es\/wp-content\/uploads\/2026\/09\/LPFW26.jpg","datePublished":"2026-09-02T11:01:44+00:00","dateModified":"2026-09-02T11:05:17+00:00","description":"Agenda de eventos desarrollados por Sodepal","breadcrumb":{"@id":"https:\/\/sodepal.es\/evento\/la-palma-fashion-week-2026\/#breadcrumb"},"inLanguage":"en-GB","potentialAction":[{"@type":"ReadAction","target":["https:\/\/sodepal.es\/evento\/la-palma-fashion-week-2026\/"]}]},{"@type":"ImageObject","inLanguage":"en-GB","@id":"https:\/\/sodepal.es\/evento\/la-palma-fashion-week-2026\/#primaryimage","url":"https:\/\/sodepal.es\/wp-content\/uploads\/2026\/09\/LPFW26.jpg","contentUrl":"https:\/\/sodepal.es\/wp-content\/uploads\/2026\/09\/LPFW26.jpg","width":1081,"height":1351},{"@type":"BreadcrumbList","@id":"https:\/\/sodepal.es\/evento\/la-palma-fashion-week-2026\/#breadcrumb","itemListElement":[{"@type":"ListItem","position":1,"name":"Inicio","item":"https:\/\/sodepal.es\/"},{"@type":"ListItem","position":2,"name":"La Palma Fashion Week 2026"}]},{"@type":"WebSite","@id":"https:\/\/sodepal.es\/#website","url":"https:\/\/sodepal.es\/","name":"Sodepal","description":"SODEPAL es una empresa p\u00fablica dependiente del Cabildo de La Palma. Promoci\u00f3n, Fomento y Desarrollo para la isla de La Palma","publisher":{"@id":"https:\/\/sodepal.es\/#organization"},"alternateName":"Sociedad de Promoci\u00f3n y Desarrollo Econ\u00f3mico y Social de La Palma","potentialAction":[{"@type":"SearchAction","target":{"@type":"EntryPoint","urlTemplate":"https:\/\/sodepal.es\/?s={search_term_string}"},"query-input":{"@type":"PropertyValueSpecification","valueRequired":true,"valueName":"search_term_string"}}],"inLanguage":"en-GB"},{"@type":"Organization","@id":"https:\/\/sodepal.es\/#organization","name":"Sociedad de Promoci\u00f3n y Desarrollo Econ\u00f3mico y Social de La Palma","alternateName":"Sodepal","url":"https:\/\/sodepal.es\/","logo":{"@type":"ImageObject","inLanguage":"en-GB","@id":"https:\/\/sodepal.es\/#\/schema\/logo\/image\/","url":"https:\/\/sodepal.es\/wp-content\/uploads\/2022\/09\/logo_web.png","contentUrl":"https:\/\/sodepal.es\/wp-content\/uploads\/2022\/09\/logo_web.png","width":658,"height":156,"caption":"Sociedad de Promoci\u00f3n y Desarrollo Econ\u00f3mico y Social de La Palma"},"image":{"@id":"https:\/\/sodepal.es\/#\/schema\/logo\/image\/"},"sameAs":["https:\/\/www.facebook.com\/sodepal","https:\/\/www.instagram.com\/sodepallapalma\/"],"description":"Sociedad de Promoci\u00f3n y Desarrollo econ\u00f3mico y Social de La Palma, empresa p\u00fablica dependiente del Cabildo de La Palma","email":"info@sodepal.es","telephone":"922417323","legalName":"Sociedad de Promoci\u00f3n y Desarrollo Econ\u00f3mico de la isla de La Palma S.A.U."}]}},"_links":{"self":[{"href":"https:\/\/sodepal.es\/en\/wp-json\/wp\/v2\/evento\/27017","targetHints":{"allow":["GET"]}}],"collection":[{"href":"https:\/\/sodepal.es\/en\/wp-json\/wp\/v2\/evento"}],"about":[{"href":"https:\/\/sodepal.es\/en\/wp-json\/wp\/v2\/types\/evento"}],"version-history":[{"count":5,"href":"https:\/\/sodepal.es\/en\/wp-json\/wp\/v2\/evento\/27017\/revisions"}],"predecessor-version":[{"id":27022,"href":"https:\/\/sodepal.es\/en\/wp-json\/wp\/v2\/evento\/27017\/revisions\/27022"}],"wp:featuredmedia":[{"embeddable":true,"href":"https:\/\/sodepal.es\/en\/wp-json\/wp\/v2\/media\/27006"}],"wp:attachment":[{"href":"https:\/\/sodepal.es\/en\/wp-json\/wp\/v2\/media?parent=27017"}],"wp:term":[{"taxonomy":"categoria-eventos","embeddable":true,"href":"https:\/\/sodepal.es\/en\/wp-json\/wp\/v2\/categoria-eventos?post=27017"}],"curies":[{"name":"wp","href":"https:\/\/api.w.org\/{rel}","templated":true}]}}